{"id":53043,"date":"2026-03-06T10:09:43","date_gmt":"2026-03-06T09:09:43","guid":{"rendered":"https:\/\/www.cercledart.com\/?post_type=product&#038;p=53043"},"modified":"2026-04-16T14:28:13","modified_gmt":"2026-04-16T12:28:13","slug":"cezanne","status":"publish","type":"product","link":"https:\/\/www.cercledart.com\/en\/produit\/cezanne\/","title":{"rendered":"C\u00e9zanne"},"content":{"rendered":"<p>Figure majeure de l\u2019histoire de l\u2019art, Paul C\u00e9zanne occupe une place singuli\u00e8re entre impressionnisme et art moderne. Par son regard attentif sur la nature, par son travail patient sur les formes, les couleurs et la structure m\u00eame de la peinture, l\u2019artiste d\u2019Aix-en-Provence a profond\u00e9ment transform\u00e9 la mani\u00e8re de concevoir l\u2019\u0153uvre picturale et ouvert une voie d\u00e9cisive dans son \u00e9volution \u00e0 la fin du XIX\u1d49 si\u00e8cle.<\/p>\n<p>Cette nouvelle monographie enrichit <a href=\"https:\/\/www.cercledart.com\/produit\/leonard-de-vinci\/\">la collection ART<\/a> en proposant de parcourir l\u2019\u0153uvre de C\u00e9zanne, depuis ses premi\u00e8res recherches jusqu\u2019\u00e0 l\u2019affirmation d\u2019un langage pictural d\u2019une grande rigueur. Les paysages de Provence, la montagne Sainte-Victoire, les natures mortes ou encore les grandes compositions t\u00e9moignent d\u2019une r\u00e9flexion constante sur la relation entre perception, construction et v\u00e9rit\u00e9 de la peinture.<\/p>\n<p>\u00c0 travers ses toiles, la nature devient un v\u00e9ritable espace d\u2019exp\u00e9rimentation o\u00f9 volumes, plans et couleurs s\u2019organisent progressivement. Cette recherche, men\u00e9e tout au long de la vie de Paul C\u00e9zanne, a exerc\u00e9 une influence d\u00e9cisive sur l\u2019art du XX\u1d49 si\u00e8cle, faisant de l\u2019artiste l\u2019une des figures fondatrices de la modernit\u00e9 picturale.<\/p>\n<h2><strong>Jean-Luc Chalumeau et C\u00e9zanne : une analyse de l\u2019\u0153uvre et de la modernit\u00e9 picturale<\/strong><\/h2>\n<p>L\u2019ouvrage est sign\u00e9 par <a href=\"https:\/\/fr.wikipedia.org\/wiki\/Jean-Luc_Chalumeau\">Jean-Luc Chalumeau<\/a> (auteur, dans la m\u00eame collection, de la monographie d\u00e9di\u00e9e \u00e0 <a href=\"https:\/\/www.cercledart.com\/produit\/van-gogh\/\">Van Gogh<\/a>), critique et historien de l\u2019art, professeur et essayiste, dont les travaux ont largement contribu\u00e9 \u00e0 la r\u00e9flexion sur l\u2019art moderne et contemporain. Adoptant une approche \u00e0 la fois historique et sensible, Jean-Luc Chalumeau propose une lecture approfondie de l\u2019\u0153uvre de C\u00e9zanne, attentive aux enjeux esth\u00e9tiques, aux filiations artistiques et aux transformations de la peinture entre le XIX\u1d49 si\u00e8cle et la modernit\u00e9.<\/p>\n","protected":false},"excerpt":{"rendered":"<p>\u00c9dition fran\u00e7aise<span class=\"s1\">\uff5c<\/span>\u00c0 para\u00eetre<span class=\"s1\">\uff5c<\/span>96 pages<span class=\"s1\">\uff5c<\/span>19 x 24 cm<span class=\"s1\">\uff5c<\/span>0,55 kg<span class=\"s1\">\uff5c<\/span>reli\u00e9 cousu cartonn\u00e9, papier de couverture textur\u00e9 marquage en creux sur la couverture<span class=\"s1\">\uff5c9782702211618<\/span><\/p>\n","protected":false},"featured_media":53274,"template":"","meta":{"_acf_changed":false,"om_disable_all_campaigns":false,"_exactmetrics_skip_tracking":false,"_exactmetrics_sitenote_active":false,"_exactmetrics_sitenote_note":"","_exactmetrics_sitenote_category":0,"_monsterinsights_skip_tracking":false,"_monsterinsights_sitenote_active":false,"_monsterinsights_sitenote_note":"","_monsterinsights_sitenote_category":0,"_uf_show_specific_survey":0,"_uf_disable_surveys":false},"product_brand":[],"product_cat":[535,688,528],"product_tag":[675],"class_list":{"0":"post-53043","1":"product","2":"type-product","3":"status-publish","4":"has-post-thumbnail","6":"product_cat-art","7":"product_cat-collection-art","8":"product_cat-livres","9":"product_tag-a-paraitre","12":"first","13":"onbackorder","14":"taxable","15":"shipping-taxable","16":"purchasable","17":"product-type-simple"},"acf":[],"yoast_head":"<!-- This site is optimized with the Yoast SEO plugin v27.5 - https:\/\/yoast.com\/product\/yoast-seo-wordpress\/ -->\n<title>C\u00e9zanne - \u00c9ditions Cercle d&#039;Art<\/title>\n<meta name=\"description\" content=\"Monographie consacr\u00e9e \u00e0 Paul C\u00e9zanne, figure majeure de l\u2019art moderne, publi\u00e9e \u00e0 l\u2019occasion de l\u2019exposition du Grand Palais en 2026.\" \/>\n<meta name=\"robots\" content=\"index, follow, max-snippet:-1, max-image-preview:large, max-video-preview:-1\" \/>\n<link rel=\"canonical\" href=\"https:\/\/www.cercledart.com\/en\/produit\/cezanne\/\" \/>\n<meta property=\"og:locale\" content=\"en_US\" \/>\n<meta property=\"og:type\" content=\"article\" \/>\n<meta property=\"og:title\" content=\"C\u00e9zanne - \u00c9ditions Cercle d&#039;Art\" \/>\n<meta property=\"og:description\" content=\"Monographie consacr\u00e9e \u00e0 Paul C\u00e9zanne, figure majeure de l\u2019art moderne, publi\u00e9e \u00e0 l\u2019occasion de l\u2019exposition du Grand Palais en 2026.\" \/>\n<meta property=\"og:url\" content=\"https:\/\/www.cercledart.com\/en\/produit\/cezanne\/\" \/>\n<meta property=\"og:site_name\" content=\"\u00c9ditions Cercle d&#039;Art\" \/>\n<meta property=\"article:modified_time\" content=\"2026-04-16T12:28:13+00:00\" \/>\n<meta property=\"og:image\" content=\"https:\/\/www.cercledart.com\/wp-content\/uploads\/2026\/03\/Cezanne_Plat1_V2.png\" \/>\n\t<meta property=\"og:image:width\" content=\"845\" \/>\n\t<meta property=\"og:image:height\" content=\"1050\" \/>\n\t<meta property=\"og:image:type\" content=\"image\/png\" \/>\n<meta name=\"twitter:card\" content=\"summary_large_image\" \/>\n<meta name=\"twitter:label1\" content=\"Est. reading time\" \/>\n\t<meta name=\"twitter:data1\" content=\"2 minutes\" \/>\n<script type=\"application\/ld+json\" class=\"yoast-schema-graph\">{\"@context\":\"https:\\\/\\\/schema.org\",\"@graph\":[{\"@type\":\"WebPage\",\"@id\":\"https:\\\/\\\/www.cercledart.com\\\/en\\\/produit\\\/cezanne\\\/\",\"url\":\"https:\\\/\\\/www.cercledart.com\\\/en\\\/produit\\\/cezanne\\\/\",\"name\":\"C\u00e9zanne - \u00c9ditions Cercle d&#039;Art\",\"isPartOf\":{\"@id\":\"https:\\\/\\\/www.cercledart.com\\\/en\\\/#website\"},\"primaryImageOfPage\":{\"@id\":\"https:\\\/\\\/www.cercledart.com\\\/en\\\/produit\\\/cezanne\\\/#primaryimage\"},\"image\":{\"@id\":\"https:\\\/\\\/www.cercledart.com\\\/en\\\/produit\\\/cezanne\\\/#primaryimage\"},\"thumbnailUrl\":\"https:\\\/\\\/www.cercledart.com\\\/wp-content\\\/uploads\\\/2026\\\/03\\\/Cezanne_Plat1_V2.png\",\"datePublished\":\"2026-03-06T09:09:43+00:00\",\"dateModified\":\"2026-04-16T12:28:13+00:00\",\"description\":\"Monographie consacr\u00e9e \u00e0 Paul C\u00e9zanne, figure majeure de l\u2019art moderne, publi\u00e9e \u00e0 l\u2019occasion de l\u2019exposition du Grand Palais en 2026.\",\"breadcrumb\":{\"@id\":\"https:\\\/\\\/www.cercledart.com\\\/en\\\/produit\\\/cezanne\\\/#breadcrumb\"},\"inLanguage\":\"en-US\",\"potentialAction\":[{\"@type\":\"ReadAction\",\"target\":[\"https:\\\/\\\/www.cercledart.com\\\/en\\\/produit\\\/cezanne\\\/\"]}]},{\"@type\":\"ImageObject\",\"inLanguage\":\"en-US\",\"@id\":\"https:\\\/\\\/www.cercledart.com\\\/en\\\/produit\\\/cezanne\\\/#primaryimage\",\"url\":\"https:\\\/\\\/www.cercledart.com\\\/wp-content\\\/uploads\\\/2026\\\/03\\\/Cezanne_Plat1_V2.png\",\"contentUrl\":\"https:\\\/\\\/www.cercledart.com\\\/wp-content\\\/uploads\\\/2026\\\/03\\\/Cezanne_Plat1_V2.png\",\"width\":845,\"height\":1050,\"caption\":\"Livre sur C\u00e9zanne - \u00e9ditions Cercle d'Art\"},{\"@type\":\"BreadcrumbList\",\"@id\":\"https:\\\/\\\/www.cercledart.com\\\/en\\\/produit\\\/cezanne\\\/#breadcrumb\",\"itemListElement\":[{\"@type\":\"ListItem\",\"position\":1,\"name\":\"Accueil\",\"item\":\"https:\\\/\\\/www.cercledart.com\\\/en\\\/\"},{\"@type\":\"ListItem\",\"position\":2,\"name\":\"Shop\",\"item\":\"https:\\\/\\\/www.cercledart.com\\\/en\\\/shop\\\/\"},{\"@type\":\"ListItem\",\"position\":3,\"name\":\"C\u00e9zanne\"}]},{\"@type\":\"WebSite\",\"@id\":\"https:\\\/\\\/www.cercledart.com\\\/en\\\/#website\",\"url\":\"https:\\\/\\\/www.cercledart.com\\\/en\\\/\",\"name\":\"\u00c9ditions Cercle d&#039;Art\",\"description\":\"\",\"publisher\":{\"@id\":\"https:\\\/\\\/www.cercledart.com\\\/en\\\/#organization\"},\"potentialAction\":[{\"@type\":\"SearchAction\",\"target\":{\"@type\":\"EntryPoint\",\"urlTemplate\":\"https:\\\/\\\/www.cercledart.com\\\/en\\\/?s={search_term_string}\"},\"query-input\":{\"@type\":\"PropertyValueSpecification\",\"valueRequired\":true,\"valueName\":\"search_term_string\"}}],\"inLanguage\":\"en-US\"},{\"@type\":\"Organization\",\"@id\":\"https:\\\/\\\/www.cercledart.com\\\/en\\\/#organization\",\"name\":\"Cercle d'Art\",\"url\":\"https:\\\/\\\/www.cercledart.com\\\/en\\\/\",\"logo\":{\"@type\":\"ImageObject\",\"inLanguage\":\"en-US\",\"@id\":\"https:\\\/\\\/www.cercledart.com\\\/en\\\/#\\\/schema\\\/logo\\\/image\\\/\",\"url\":\"https:\\\/\\\/www.cercledart.com\\\/wp-content\\\/uploads\\\/2025\\\/04\\\/LogoCA2025.png\",\"contentUrl\":\"https:\\\/\\\/www.cercledart.com\\\/wp-content\\\/uploads\\\/2025\\\/04\\\/LogoCA2025.png\",\"width\":896,\"height\":101,\"caption\":\"Cercle d'Art\"},\"image\":{\"@id\":\"https:\\\/\\\/www.cercledart.com\\\/en\\\/#\\\/schema\\\/logo\\\/image\\\/\"}}]}<\/script>\n<!-- \/ Yoast SEO plugin. -->","yoast_head_json":{"title":"C\u00e9zanne - \u00c9ditions Cercle d&#039;Art","description":"Monographie consacr\u00e9e \u00e0 Paul C\u00e9zanne, figure majeure de l\u2019art moderne, publi\u00e9e \u00e0 l\u2019occasion de l\u2019exposition du Grand Palais en 2026.","robots":{"index":"index","follow":"follow","max-snippet":"max-snippet:-1","max-image-preview":"max-image-preview:large","max-video-preview":"max-video-preview:-1"},"canonical":"https:\/\/www.cercledart.com\/en\/produit\/cezanne\/","og_locale":"en_US","og_type":"article","og_title":"C\u00e9zanne - \u00c9ditions Cercle d&#039;Art","og_description":"Monographie consacr\u00e9e \u00e0 Paul C\u00e9zanne, figure majeure de l\u2019art moderne, publi\u00e9e \u00e0 l\u2019occasion de l\u2019exposition du Grand Palais en 2026.","og_url":"https:\/\/www.cercledart.com\/en\/produit\/cezanne\/","og_site_name":"\u00c9ditions Cercle d&#039;Art","article_modified_time":"2026-04-16T12:28:13+00:00","og_image":[{"width":845,"height":1050,"url":"https:\/\/www.cercledart.com\/wp-content\/uploads\/2026\/03\/Cezanne_Plat1_V2.png","type":"image\/png"}],"twitter_card":"summary_large_image","twitter_misc":{"Est. reading time":"2 minutes"},"schema":{"@context":"https:\/\/schema.org","@graph":[{"@type":"WebPage","@id":"https:\/\/www.cercledart.com\/en\/produit\/cezanne\/","url":"https:\/\/www.cercledart.com\/en\/produit\/cezanne\/","name":"C\u00e9zanne - \u00c9ditions Cercle d&#039;Art","isPartOf":{"@id":"https:\/\/www.cercledart.com\/en\/#website"},"primaryImageOfPage":{"@id":"https:\/\/www.cercledart.com\/en\/produit\/cezanne\/#primaryimage"},"image":{"@id":"https:\/\/www.cercledart.com\/en\/produit\/cezanne\/#primaryimage"},"thumbnailUrl":"https:\/\/www.cercledart.com\/wp-content\/uploads\/2026\/03\/Cezanne_Plat1_V2.png","datePublished":"2026-03-06T09:09:43+00:00","dateModified":"2026-04-16T12:28:13+00:00","description":"Monographie consacr\u00e9e \u00e0 Paul C\u00e9zanne, figure majeure de l\u2019art moderne, publi\u00e9e \u00e0 l\u2019occasion de l\u2019exposition du Grand Palais en 2026.","breadcrumb":{"@id":"https:\/\/www.cercledart.com\/en\/produit\/cezanne\/#breadcrumb"},"inLanguage":"en-US","potentialAction":[{"@type":"ReadAction","target":["https:\/\/www.cercledart.com\/en\/produit\/cezanne\/"]}]},{"@type":"ImageObject","inLanguage":"en-US","@id":"https:\/\/www.cercledart.com\/en\/produit\/cezanne\/#primaryimage","url":"https:\/\/www.cercledart.com\/wp-content\/uploads\/2026\/03\/Cezanne_Plat1_V2.png","contentUrl":"https:\/\/www.cercledart.com\/wp-content\/uploads\/2026\/03\/Cezanne_Plat1_V2.png","width":845,"height":1050,"caption":"Livre sur C\u00e9zanne - \u00e9ditions Cercle d'Art"},{"@type":"BreadcrumbList","@id":"https:\/\/www.cercledart.com\/en\/produit\/cezanne\/#breadcrumb","itemListElement":[{"@type":"ListItem","position":1,"name":"Accueil","item":"https:\/\/www.cercledart.com\/en\/"},{"@type":"ListItem","position":2,"name":"Shop","item":"https:\/\/www.cercledart.com\/en\/shop\/"},{"@type":"ListItem","position":3,"name":"C\u00e9zanne"}]},{"@type":"WebSite","@id":"https:\/\/www.cercledart.com\/en\/#website","url":"https:\/\/www.cercledart.com\/en\/","name":"\u00c9ditions Cercle d&#039;Art","description":"","publisher":{"@id":"https:\/\/www.cercledart.com\/en\/#organization"},"potentialAction":[{"@type":"SearchAction","target":{"@type":"EntryPoint","urlTemplate":"https:\/\/www.cercledart.com\/en\/?s={search_term_string}"},"query-input":{"@type":"PropertyValueSpecification","valueRequired":true,"valueName":"search_term_string"}}],"inLanguage":"en-US"},{"@type":"Organization","@id":"https:\/\/www.cercledart.com\/en\/#organization","name":"Cercle d'Art","url":"https:\/\/www.cercledart.com\/en\/","logo":{"@type":"ImageObject","inLanguage":"en-US","@id":"https:\/\/www.cercledart.com\/en\/#\/schema\/logo\/image\/","url":"https:\/\/www.cercledart.com\/wp-content\/uploads\/2025\/04\/LogoCA2025.png","contentUrl":"https:\/\/www.cercledart.com\/wp-content\/uploads\/2025\/04\/LogoCA2025.png","width":896,"height":101,"caption":"Cercle d'Art"},"image":{"@id":"https:\/\/www.cercledart.com\/en\/#\/schema\/logo\/image\/"}}]}},"_links":{"self":[{"href":"https:\/\/www.cercledart.com\/en\/wp-json\/wp\/v2\/product\/53043","targetHints":{"allow":["GET"]}}],"collection":[{"href":"https:\/\/www.cercledart.com\/en\/wp-json\/wp\/v2\/product"}],"about":[{"href":"https:\/\/www.cercledart.com\/en\/wp-json\/wp\/v2\/types\/product"}],"wp:featuredmedia":[{"embeddable":true,"href":"https:\/\/www.cercledart.com\/en\/wp-json\/wp\/v2\/media\/53274"}],"wp:attachment":[{"href":"https:\/\/www.cercledart.com\/en\/wp-json\/wp\/v2\/media?parent=53043"}],"wp:term":[{"taxonomy":"product_brand","embeddable":true,"href":"https:\/\/www.cercledart.com\/en\/wp-json\/wp\/v2\/product_brand?post=53043"},{"taxonomy":"product_cat","embeddable":true,"href":"https:\/\/www.cercledart.com\/en\/wp-json\/wp\/v2\/product_cat?post=53043"},{"taxonomy":"product_tag","embeddable":true,"href":"https:\/\/www.cercledart.com\/en\/wp-json\/wp\/v2\/product_tag?post=53043"}],"curies":[{"name":"wp","href":"https:\/\/api.w.org\/{rel}","templated":true}]}}