{"id":51411,"date":"2012-11-11T17:08:26","date_gmt":"2012-11-11T17:08:26","guid":{"rendered":"https:\/\/www.cercledart.com\/produit\/kumi-sugai\/"},"modified":"2025-05-02T13:53:34","modified_gmt":"2025-05-02T11:53:34","slug":"kumi-sugai","status":"publish","type":"product","link":"https:\/\/www.cercledart.com\/en\/produit\/kumi-sugai\/","title":{"rendered":"Kumi Suga\u00ef"},"content":{"rendered":"<p>La situation de Kumi Suga\u00ef dans le panorama de l&#8217;art contemporain est particuli\u00e8re et quelque peu paradoxale. Ce Japonais, r\u00e9sidait et travaillait \u00e0 Paris depuis 1952. D\u00e8s ses premi\u00e8res expositions, il a \u00e9t\u00e9\u00a0 reconnu comme l&#8217;in des artistes majeurs de sa g\u00e9n\u00e9ration. En 1960, Andr\u00e9 Pieyre de Mandriargues lui consacre un livre dans la collection du Mus\u00e9e de Poche. Le Mus\u00e9e Guggenheim, \u00e0 New York, lui accorde une place de choix. Sa r\u00e9putation s&#8217;\u00e9tend en Allemagne, en Scandinavie et dans son pays natal o\u00f9 il ne reviendra pour un bref s\u00e9jour qu&#8217;en 1969, apr\u00e8s une absence de dix-huit ann\u00e9es, quand le mus\u00e9e d&#8217;Art moderne de Tokyo lui aura command\u00e9 la d\u00e9coration de son hall d&#8217;entr\u00e9e. L&#8217;ann\u00e9e pr\u00e9c\u00e9dente, il aura repr\u00e9sent\u00e9 le Japon \u00e0 la Biennale de Venise. La notori\u00e9t\u00e9 internationale de Suga\u00ef ne cesse de grandir, les expositions se multiplient mais Suga\u00ef, d\u00e9di\u00e9 comme un moine zen \u00e0 son travail cr\u00e9ateur, ne sort gu\u00e8re de son atelier.<\/p>\n<p>Au cours des ann\u00e9es, la peinture de Suga\u00ef a marqu\u00e9 des mutations profondes. Elle est pass\u00e9e d&#8217;un art instinctif \u00e0 une calligraphie abstraite inspir\u00e9e par les kanji. Vint ensuite une p\u00e9riode plus mati\u00e9riste, une combinatoire de formes claires et rationnelles \u00a0qui s&#8217;apparente \u00e0 l&#8217;Op art et \u00e0 la Colour Field painting. Suga\u00ef peint d\u00e8s lors par s\u00e9ries et affectionne les grands formats. En m\u00eame temps, il d\u00e9veloppe son travail de sculpture et de lithographie.<\/p>\n<p>&nbsp;<\/p>\n","protected":false},"excerpt":{"rendered":"<p>La situation de Kumi Suga\u00ef dans le panorama de l&#8217;art contemporain est particuli\u00e8re et quelque peu paradoxale. Ce Japonais, r\u00e9sidait et travaillait \u00e0 Paris depuis 1952. D\u00e8s ses premi\u00e8res expositions, il a \u00e9t\u00e9\u00a0 reconnu comme l&#8217;in des artistes majeurs de sa g\u00e9n\u00e9ration. En 1960, Andr\u00e9 Pieyre de Mandriargues lui consacre un livre dans la collection [&hellip;]<\/p>\n","protected":false},"featured_media":4622,"template":"","meta":{"_acf_changed":false,"om_disable_all_campaigns":false,"_exactmetrics_skip_tracking":false,"_exactmetrics_sitenote_active":false,"_exactmetrics_sitenote_note":"","_exactmetrics_sitenote_category":0,"_monsterinsights_skip_tracking":false,"_monsterinsights_sitenote_active":false,"_monsterinsights_sitenote_note":"","_monsterinsights_sitenote_category":0,"_uf_show_specific_survey":0,"_uf_disable_surveys":false},"product_brand":[],"product_cat":[528,546],"product_tag":[],"class_list":{"0":"post-51411","1":"product","2":"type-product","3":"status-publish","4":"has-post-thumbnail","6":"product_cat-livres","7":"product_cat-non-categorise","10":"first","11":"outofstock","12":"taxable","13":"shipping-taxable","14":"purchasable","15":"product-type-simple"},"acf":[],"yoast_head":"<!-- This site is optimized with the Yoast SEO plugin v27.5 - https:\/\/yoast.com\/product\/yoast-seo-wordpress\/ -->\n<title>Kumi Suga\u00ef - \u00c9ditions Cercle d&#039;Art<\/title>\n<meta name=\"robots\" content=\"index, follow, max-snippet:-1, max-image-preview:large, max-video-preview:-1\" \/>\n<link rel=\"canonical\" href=\"https:\/\/www.cercledart.com\/en\/produit\/kumi-sugai\/\" \/>\n<meta property=\"og:locale\" content=\"en_US\" \/>\n<meta property=\"og:type\" content=\"article\" \/>\n<meta property=\"og:title\" content=\"Kumi Suga\u00ef - \u00c9ditions Cercle d&#039;Art\" \/>\n<meta property=\"og:description\" content=\"La situation de Kumi Suga\u00ef dans le panorama de l&#8217;art contemporain est particuli\u00e8re et quelque peu paradoxale. Ce Japonais, r\u00e9sidait et travaillait \u00e0 Paris depuis 1952. D\u00e8s ses premi\u00e8res expositions, il a \u00e9t\u00e9\u00a0 reconnu comme l&#8217;in des artistes majeurs de sa g\u00e9n\u00e9ration. En 1960, Andr\u00e9 Pieyre de Mandriargues lui consacre un livre dans la collection [&hellip;]\" \/>\n<meta property=\"og:url\" content=\"https:\/\/www.cercledart.com\/en\/produit\/kumi-sugai\/\" \/>\n<meta property=\"og:site_name\" content=\"\u00c9ditions Cercle d&#039;Art\" \/>\n<meta property=\"article:modified_time\" content=\"2025-05-02T11:53:34+00:00\" \/>\n<meta property=\"og:image\" content=\"https:\/\/www.cercledart.com\/wp-content\/uploads\/2012\/11\/266_sugai.jpg\" \/>\n\t<meta property=\"og:image:width\" content=\"338\" \/>\n\t<meta property=\"og:image:height\" content=\"400\" \/>\n\t<meta property=\"og:image:type\" content=\"image\/jpeg\" \/>\n<meta name=\"twitter:card\" content=\"summary_large_image\" \/>\n<meta name=\"twitter:label1\" content=\"Est. reading time\" \/>\n\t<meta name=\"twitter:data1\" content=\"1 minute\" \/>\n<script type=\"application\/ld+json\" class=\"yoast-schema-graph\">{\"@context\":\"https:\\\/\\\/schema.org\",\"@graph\":[{\"@type\":\"WebPage\",\"@id\":\"https:\\\/\\\/www.cercledart.com\\\/en\\\/produit\\\/kumi-sugai\\\/\",\"url\":\"https:\\\/\\\/www.cercledart.com\\\/en\\\/produit\\\/kumi-sugai\\\/\",\"name\":\"Kumi Suga\u00ef - \u00c9ditions Cercle d&#039;Art\",\"isPartOf\":{\"@id\":\"https:\\\/\\\/www.cercledart.com\\\/en\\\/#website\"},\"primaryImageOfPage\":{\"@id\":\"https:\\\/\\\/www.cercledart.com\\\/en\\\/produit\\\/kumi-sugai\\\/#primaryimage\"},\"image\":{\"@id\":\"https:\\\/\\\/www.cercledart.com\\\/en\\\/produit\\\/kumi-sugai\\\/#primaryimage\"},\"thumbnailUrl\":\"https:\\\/\\\/www.cercledart.com\\\/wp-content\\\/uploads\\\/2012\\\/11\\\/266_sugai.jpg\",\"datePublished\":\"2012-11-11T17:08:26+00:00\",\"dateModified\":\"2025-05-02T11:53:34+00:00\",\"breadcrumb\":{\"@id\":\"https:\\\/\\\/www.cercledart.com\\\/en\\\/produit\\\/kumi-sugai\\\/#breadcrumb\"},\"inLanguage\":\"en-US\",\"potentialAction\":[{\"@type\":\"ReadAction\",\"target\":[\"https:\\\/\\\/www.cercledart.com\\\/en\\\/produit\\\/kumi-sugai\\\/\"]}]},{\"@type\":\"ImageObject\",\"inLanguage\":\"en-US\",\"@id\":\"https:\\\/\\\/www.cercledart.com\\\/en\\\/produit\\\/kumi-sugai\\\/#primaryimage\",\"url\":\"https:\\\/\\\/www.cercledart.com\\\/wp-content\\\/uploads\\\/2012\\\/11\\\/266_sugai.jpg\",\"contentUrl\":\"https:\\\/\\\/www.cercledart.com\\\/wp-content\\\/uploads\\\/2012\\\/11\\\/266_sugai.jpg\",\"width\":338,\"height\":400},{\"@type\":\"BreadcrumbList\",\"@id\":\"https:\\\/\\\/www.cercledart.com\\\/en\\\/produit\\\/kumi-sugai\\\/#breadcrumb\",\"itemListElement\":[{\"@type\":\"ListItem\",\"position\":1,\"name\":\"Accueil\",\"item\":\"https:\\\/\\\/www.cercledart.com\\\/en\\\/\"},{\"@type\":\"ListItem\",\"position\":2,\"name\":\"Shop\",\"item\":\"https:\\\/\\\/www.cercledart.com\\\/en\\\/shop\\\/\"},{\"@type\":\"ListItem\",\"position\":3,\"name\":\"Kumi Suga\u00ef\"}]},{\"@type\":\"WebSite\",\"@id\":\"https:\\\/\\\/www.cercledart.com\\\/en\\\/#website\",\"url\":\"https:\\\/\\\/www.cercledart.com\\\/en\\\/\",\"name\":\"\u00c9ditions Cercle d&#039;Art\",\"description\":\"\",\"publisher\":{\"@id\":\"https:\\\/\\\/www.cercledart.com\\\/en\\\/#organization\"},\"potentialAction\":[{\"@type\":\"SearchAction\",\"target\":{\"@type\":\"EntryPoint\",\"urlTemplate\":\"https:\\\/\\\/www.cercledart.com\\\/en\\\/?s={search_term_string}\"},\"query-input\":{\"@type\":\"PropertyValueSpecification\",\"valueRequired\":true,\"valueName\":\"search_term_string\"}}],\"inLanguage\":\"en-US\"},{\"@type\":\"Organization\",\"@id\":\"https:\\\/\\\/www.cercledart.com\\\/en\\\/#organization\",\"name\":\"Cercle d'Art\",\"url\":\"https:\\\/\\\/www.cercledart.com\\\/en\\\/\",\"logo\":{\"@type\":\"ImageObject\",\"inLanguage\":\"en-US\",\"@id\":\"https:\\\/\\\/www.cercledart.com\\\/en\\\/#\\\/schema\\\/logo\\\/image\\\/\",\"url\":\"https:\\\/\\\/www.cercledart.com\\\/wp-content\\\/uploads\\\/2025\\\/04\\\/LogoCA2025.png\",\"contentUrl\":\"https:\\\/\\\/www.cercledart.com\\\/wp-content\\\/uploads\\\/2025\\\/04\\\/LogoCA2025.png\",\"width\":896,\"height\":101,\"caption\":\"Cercle d'Art\"},\"image\":{\"@id\":\"https:\\\/\\\/www.cercledart.com\\\/en\\\/#\\\/schema\\\/logo\\\/image\\\/\"}}]}<\/script>\n<!-- \/ Yoast SEO plugin. -->","yoast_head_json":{"title":"Kumi Suga\u00ef - \u00c9ditions Cercle d&#039;Art","robots":{"index":"index","follow":"follow","max-snippet":"max-snippet:-1","max-image-preview":"max-image-preview:large","max-video-preview":"max-video-preview:-1"},"canonical":"https:\/\/www.cercledart.com\/en\/produit\/kumi-sugai\/","og_locale":"en_US","og_type":"article","og_title":"Kumi Suga\u00ef - \u00c9ditions Cercle d&#039;Art","og_description":"La situation de Kumi Suga\u00ef dans le panorama de l&#8217;art contemporain est particuli\u00e8re et quelque peu paradoxale. Ce Japonais, r\u00e9sidait et travaillait \u00e0 Paris depuis 1952. D\u00e8s ses premi\u00e8res expositions, il a \u00e9t\u00e9\u00a0 reconnu comme l&#8217;in des artistes majeurs de sa g\u00e9n\u00e9ration. En 1960, Andr\u00e9 Pieyre de Mandriargues lui consacre un livre dans la collection [&hellip;]","og_url":"https:\/\/www.cercledart.com\/en\/produit\/kumi-sugai\/","og_site_name":"\u00c9ditions Cercle d&#039;Art","article_modified_time":"2025-05-02T11:53:34+00:00","og_image":[{"width":338,"height":400,"url":"https:\/\/www.cercledart.com\/wp-content\/uploads\/2012\/11\/266_sugai.jpg","type":"image\/jpeg"}],"twitter_card":"summary_large_image","twitter_misc":{"Est. reading time":"1 minute"},"schema":{"@context":"https:\/\/schema.org","@graph":[{"@type":"WebPage","@id":"https:\/\/www.cercledart.com\/en\/produit\/kumi-sugai\/","url":"https:\/\/www.cercledart.com\/en\/produit\/kumi-sugai\/","name":"Kumi Suga\u00ef - \u00c9ditions Cercle d&#039;Art","isPartOf":{"@id":"https:\/\/www.cercledart.com\/en\/#website"},"primaryImageOfPage":{"@id":"https:\/\/www.cercledart.com\/en\/produit\/kumi-sugai\/#primaryimage"},"image":{"@id":"https:\/\/www.cercledart.com\/en\/produit\/kumi-sugai\/#primaryimage"},"thumbnailUrl":"https:\/\/www.cercledart.com\/wp-content\/uploads\/2012\/11\/266_sugai.jpg","datePublished":"2012-11-11T17:08:26+00:00","dateModified":"2025-05-02T11:53:34+00:00","breadcrumb":{"@id":"https:\/\/www.cercledart.com\/en\/produit\/kumi-sugai\/#breadcrumb"},"inLanguage":"en-US","potentialAction":[{"@type":"ReadAction","target":["https:\/\/www.cercledart.com\/en\/produit\/kumi-sugai\/"]}]},{"@type":"ImageObject","inLanguage":"en-US","@id":"https:\/\/www.cercledart.com\/en\/produit\/kumi-sugai\/#primaryimage","url":"https:\/\/www.cercledart.com\/wp-content\/uploads\/2012\/11\/266_sugai.jpg","contentUrl":"https:\/\/www.cercledart.com\/wp-content\/uploads\/2012\/11\/266_sugai.jpg","width":338,"height":400},{"@type":"BreadcrumbList","@id":"https:\/\/www.cercledart.com\/en\/produit\/kumi-sugai\/#breadcrumb","itemListElement":[{"@type":"ListItem","position":1,"name":"Accueil","item":"https:\/\/www.cercledart.com\/en\/"},{"@type":"ListItem","position":2,"name":"Shop","item":"https:\/\/www.cercledart.com\/en\/shop\/"},{"@type":"ListItem","position":3,"name":"Kumi Suga\u00ef"}]},{"@type":"WebSite","@id":"https:\/\/www.cercledart.com\/en\/#website","url":"https:\/\/www.cercledart.com\/en\/","name":"\u00c9ditions Cercle d&#039;Art","description":"","publisher":{"@id":"https:\/\/www.cercledart.com\/en\/#organization"},"potentialAction":[{"@type":"SearchAction","target":{"@type":"EntryPoint","urlTemplate":"https:\/\/www.cercledart.com\/en\/?s={search_term_string}"},"query-input":{"@type":"PropertyValueSpecification","valueRequired":true,"valueName":"search_term_string"}}],"inLanguage":"en-US"},{"@type":"Organization","@id":"https:\/\/www.cercledart.com\/en\/#organization","name":"Cercle d'Art","url":"https:\/\/www.cercledart.com\/en\/","logo":{"@type":"ImageObject","inLanguage":"en-US","@id":"https:\/\/www.cercledart.com\/en\/#\/schema\/logo\/image\/","url":"https:\/\/www.cercledart.com\/wp-content\/uploads\/2025\/04\/LogoCA2025.png","contentUrl":"https:\/\/www.cercledart.com\/wp-content\/uploads\/2025\/04\/LogoCA2025.png","width":896,"height":101,"caption":"Cercle d'Art"},"image":{"@id":"https:\/\/www.cercledart.com\/en\/#\/schema\/logo\/image\/"}}]}},"_links":{"self":[{"href":"https:\/\/www.cercledart.com\/en\/wp-json\/wp\/v2\/product\/51411","targetHints":{"allow":["GET"]}}],"collection":[{"href":"https:\/\/www.cercledart.com\/en\/wp-json\/wp\/v2\/product"}],"about":[{"href":"https:\/\/www.cercledart.com\/en\/wp-json\/wp\/v2\/types\/product"}],"wp:featuredmedia":[{"embeddable":true,"href":"https:\/\/www.cercledart.com\/en\/wp-json\/wp\/v2\/media\/4622"}],"wp:attachment":[{"href":"https:\/\/www.cercledart.com\/en\/wp-json\/wp\/v2\/media?parent=51411"}],"wp:term":[{"taxonomy":"product_brand","embeddable":true,"href":"https:\/\/www.cercledart.com\/en\/wp-json\/wp\/v2\/product_brand?post=51411"},{"taxonomy":"product_cat","embeddable":true,"href":"https:\/\/www.cercledart.com\/en\/wp-json\/wp\/v2\/product_cat?post=51411"},{"taxonomy":"product_tag","embeddable":true,"href":"https:\/\/www.cercledart.com\/en\/wp-json\/wp\/v2\/product_tag?post=51411"}],"curies":[{"name":"wp","href":"https:\/\/api.w.org\/{rel}","templated":true}]}}