{"id":51316,"date":"2012-11-11T17:08:32","date_gmt":"2012-11-11T17:08:32","guid":{"rendered":"https:\/\/www.cercledart.com\/produit\/gaudi\/"},"modified":"2025-05-02T13:52:08","modified_gmt":"2025-05-02T11:52:08","slug":"gaudi","status":"publish","type":"product","link":"https:\/\/www.cercledart.com\/en\/produit\/gaudi\/","title":{"rendered":"Gaudi"},"content":{"rendered":"<p>La longue carri\u00e8re de Gaudi se d\u00e9roule presque enti\u00e8rement dans la seule ville<br \/>\nde Barcelone o\u00f9 il vient s&#8217;installer \u00e0 l&#8217;\u00e2ge de dix-neuf ans entre 1880 et 1926.<br \/>\nSon style on ne peut plus \u00e9clectique m\u00eale les influences mud\u00e9jare et mauresques<\/p>\n<p>dans la plus grande libert\u00e9. Pour Gaudi conception architecturale et\u00a0 d\u00e9cor int\u00e9rieur<br \/>\nne sont dissociables\u00a0; il con\u00e7oit donc jusqu&#8217;aux moindres d\u00e9tails les am\u00e9nagements int\u00e9rieurs en se r\u00e9f\u00e9rant le plus souvent possible \u00e0 la nature, ayant observ\u00e9<br \/>\ndepuis son plus jeune \u00e2ge que les probl\u00e8mes structuraux y sont toujours r\u00e9solus<br \/>\nde mani\u00e8re \u00e0 la fois la plus ad\u00e9quate et la plus esth\u00e9tique.<br \/>\nGaudi, peut-\u00eatre parce qu&#8217;il ose trop, ne vivra pas de la commande publique<br \/>\nmais de ses r\u00e9alisations pour des particuliers\u00a0: ainsi les nombreuses villas, les Casa Vicens, Mila, Le Coll\u00e8ge Teresiano, ou encore les Casa de las Bottines ou Calvet<br \/>\no\u00f9 il doit associer habitation et activit\u00e9 commerciale.<\/p>\n<p>Gaudi travaille\u00a0 \u00e0 plusieurs reprises pou l&#8217;industriel Gu\u00ebll avec lequel il imagine l&#8217;\u00e9tonnant parc con\u00e7u \u00e0 l&#8217;origine pour accueillir une cit\u00e9-jardin,<br \/>\npuis une colonie de 150 maisons pour des ouvriers dont il ne terminera que la crypte<br \/>\nde l&#8217;\u00e9glise.<br \/>\nMais son chef-d&#8217;\u0153uvre inachev\u00e9 reste la cath\u00e9drale Sagrada Familia dont il laissa d\u00e9lib\u00e9r\u00e9ment \u00e0 ses successeurs le soin de l&#8217;ach\u00e8vement.<br \/>\nCette \u00e9glise, toujours en chantier, est aujourd&#8217;hui le meilleur symbole de la ville industrieuse de Barcelone.<\/p>\n","protected":false},"excerpt":{"rendered":"<p>La longue carri\u00e8re de Gaudi se d\u00e9roule presque enti\u00e8rement dans la seule ville de Barcelone o\u00f9 il vient s&#8217;installer \u00e0 l&#8217;\u00e2ge de dix-neuf ans entre 1880 et 1926. Son style on ne peut plus \u00e9clectique m\u00eale les influences mud\u00e9jare et mauresques dans la plus grande libert\u00e9. Pour Gaudi conception architecturale et\u00a0 d\u00e9cor int\u00e9rieur ne sont [&hellip;]<\/p>\n","protected":false},"featured_media":4733,"template":"","meta":{"_acf_changed":false,"om_disable_all_campaigns":false,"_exactmetrics_skip_tracking":false,"_exactmetrics_sitenote_active":false,"_exactmetrics_sitenote_note":"","_exactmetrics_sitenote_category":0,"_monsterinsights_skip_tracking":false,"_monsterinsights_sitenote_active":false,"_monsterinsights_sitenote_note":"","_monsterinsights_sitenote_category":0,"_uf_show_specific_survey":0,"_uf_disable_surveys":false},"product_brand":[],"product_cat":[528,546],"product_tag":[],"class_list":{"0":"post-51316","1":"product","2":"type-product","3":"status-publish","4":"has-post-thumbnail","6":"product_cat-livres","7":"product_cat-non-categorise","10":"first","11":"outofstock","12":"taxable","13":"shipping-taxable","14":"purchasable","15":"product-type-simple"},"acf":[],"yoast_head":"<!-- This site is optimized with the Yoast SEO plugin v27.5 - https:\/\/yoast.com\/product\/yoast-seo-wordpress\/ -->\n<title>Gaudi - \u00c9ditions Cercle d&#039;Art<\/title>\n<meta name=\"robots\" content=\"index, follow, max-snippet:-1, max-image-preview:large, max-video-preview:-1\" \/>\n<link rel=\"canonical\" href=\"https:\/\/www.cercledart.com\/en\/produit\/gaudi\/\" \/>\n<meta property=\"og:locale\" content=\"en_US\" \/>\n<meta property=\"og:type\" content=\"article\" \/>\n<meta property=\"og:title\" content=\"Gaudi - \u00c9ditions Cercle d&#039;Art\" \/>\n<meta property=\"og:description\" content=\"La longue carri\u00e8re de Gaudi se d\u00e9roule presque enti\u00e8rement dans la seule ville de Barcelone o\u00f9 il vient s&#8217;installer \u00e0 l&#8217;\u00e2ge de dix-neuf ans entre 1880 et 1926. Son style on ne peut plus \u00e9clectique m\u00eale les influences mud\u00e9jare et mauresques dans la plus grande libert\u00e9. Pour Gaudi conception architecturale et\u00a0 d\u00e9cor int\u00e9rieur ne sont [&hellip;]\" \/>\n<meta property=\"og:url\" content=\"https:\/\/www.cercledart.com\/en\/produit\/gaudi\/\" \/>\n<meta property=\"og:site_name\" content=\"\u00c9ditions Cercle d&#039;Art\" \/>\n<meta property=\"article:modified_time\" content=\"2025-05-02T11:52:08+00:00\" \/>\n<meta property=\"og:image\" content=\"https:\/\/www.cercledart.com\/wp-content\/uploads\/2012\/11\/497_gaudi.jpg\" \/>\n\t<meta property=\"og:image:width\" content=\"279\" \/>\n\t<meta property=\"og:image:height\" content=\"400\" \/>\n\t<meta property=\"og:image:type\" content=\"image\/jpeg\" \/>\n<meta name=\"twitter:card\" content=\"summary_large_image\" \/>\n<meta name=\"twitter:label1\" content=\"Est. reading time\" \/>\n\t<meta name=\"twitter:data1\" content=\"1 minute\" \/>\n<script type=\"application\/ld+json\" class=\"yoast-schema-graph\">{\"@context\":\"https:\\\/\\\/schema.org\",\"@graph\":[{\"@type\":\"WebPage\",\"@id\":\"https:\\\/\\\/www.cercledart.com\\\/en\\\/produit\\\/gaudi\\\/\",\"url\":\"https:\\\/\\\/www.cercledart.com\\\/en\\\/produit\\\/gaudi\\\/\",\"name\":\"Gaudi - \u00c9ditions Cercle d&#039;Art\",\"isPartOf\":{\"@id\":\"https:\\\/\\\/www.cercledart.com\\\/en\\\/#website\"},\"primaryImageOfPage\":{\"@id\":\"https:\\\/\\\/www.cercledart.com\\\/en\\\/produit\\\/gaudi\\\/#primaryimage\"},\"image\":{\"@id\":\"https:\\\/\\\/www.cercledart.com\\\/en\\\/produit\\\/gaudi\\\/#primaryimage\"},\"thumbnailUrl\":\"https:\\\/\\\/www.cercledart.com\\\/wp-content\\\/uploads\\\/2012\\\/11\\\/497_gaudi.jpg\",\"datePublished\":\"2012-11-11T17:08:32+00:00\",\"dateModified\":\"2025-05-02T11:52:08+00:00\",\"breadcrumb\":{\"@id\":\"https:\\\/\\\/www.cercledart.com\\\/en\\\/produit\\\/gaudi\\\/#breadcrumb\"},\"inLanguage\":\"en-US\",\"potentialAction\":[{\"@type\":\"ReadAction\",\"target\":[\"https:\\\/\\\/www.cercledart.com\\\/en\\\/produit\\\/gaudi\\\/\"]}]},{\"@type\":\"ImageObject\",\"inLanguage\":\"en-US\",\"@id\":\"https:\\\/\\\/www.cercledart.com\\\/en\\\/produit\\\/gaudi\\\/#primaryimage\",\"url\":\"https:\\\/\\\/www.cercledart.com\\\/wp-content\\\/uploads\\\/2012\\\/11\\\/497_gaudi.jpg\",\"contentUrl\":\"https:\\\/\\\/www.cercledart.com\\\/wp-content\\\/uploads\\\/2012\\\/11\\\/497_gaudi.jpg\",\"width\":279,\"height\":400},{\"@type\":\"BreadcrumbList\",\"@id\":\"https:\\\/\\\/www.cercledart.com\\\/en\\\/produit\\\/gaudi\\\/#breadcrumb\",\"itemListElement\":[{\"@type\":\"ListItem\",\"position\":1,\"name\":\"Accueil\",\"item\":\"https:\\\/\\\/www.cercledart.com\\\/en\\\/\"},{\"@type\":\"ListItem\",\"position\":2,\"name\":\"Shop\",\"item\":\"https:\\\/\\\/www.cercledart.com\\\/en\\\/shop\\\/\"},{\"@type\":\"ListItem\",\"position\":3,\"name\":\"Gaudi\"}]},{\"@type\":\"WebSite\",\"@id\":\"https:\\\/\\\/www.cercledart.com\\\/en\\\/#website\",\"url\":\"https:\\\/\\\/www.cercledart.com\\\/en\\\/\",\"name\":\"\u00c9ditions Cercle d&#039;Art\",\"description\":\"\",\"publisher\":{\"@id\":\"https:\\\/\\\/www.cercledart.com\\\/en\\\/#organization\"},\"potentialAction\":[{\"@type\":\"SearchAction\",\"target\":{\"@type\":\"EntryPoint\",\"urlTemplate\":\"https:\\\/\\\/www.cercledart.com\\\/en\\\/?s={search_term_string}\"},\"query-input\":{\"@type\":\"PropertyValueSpecification\",\"valueRequired\":true,\"valueName\":\"search_term_string\"}}],\"inLanguage\":\"en-US\"},{\"@type\":\"Organization\",\"@id\":\"https:\\\/\\\/www.cercledart.com\\\/en\\\/#organization\",\"name\":\"Cercle d'Art\",\"url\":\"https:\\\/\\\/www.cercledart.com\\\/en\\\/\",\"logo\":{\"@type\":\"ImageObject\",\"inLanguage\":\"en-US\",\"@id\":\"https:\\\/\\\/www.cercledart.com\\\/en\\\/#\\\/schema\\\/logo\\\/image\\\/\",\"url\":\"https:\\\/\\\/www.cercledart.com\\\/wp-content\\\/uploads\\\/2025\\\/04\\\/LogoCA2025.png\",\"contentUrl\":\"https:\\\/\\\/www.cercledart.com\\\/wp-content\\\/uploads\\\/2025\\\/04\\\/LogoCA2025.png\",\"width\":896,\"height\":101,\"caption\":\"Cercle d'Art\"},\"image\":{\"@id\":\"https:\\\/\\\/www.cercledart.com\\\/en\\\/#\\\/schema\\\/logo\\\/image\\\/\"}}]}<\/script>\n<!-- \/ Yoast SEO plugin. -->","yoast_head_json":{"title":"Gaudi - \u00c9ditions Cercle d&#039;Art","robots":{"index":"index","follow":"follow","max-snippet":"max-snippet:-1","max-image-preview":"max-image-preview:large","max-video-preview":"max-video-preview:-1"},"canonical":"https:\/\/www.cercledart.com\/en\/produit\/gaudi\/","og_locale":"en_US","og_type":"article","og_title":"Gaudi - \u00c9ditions Cercle d&#039;Art","og_description":"La longue carri\u00e8re de Gaudi se d\u00e9roule presque enti\u00e8rement dans la seule ville de Barcelone o\u00f9 il vient s&#8217;installer \u00e0 l&#8217;\u00e2ge de dix-neuf ans entre 1880 et 1926. Son style on ne peut plus \u00e9clectique m\u00eale les influences mud\u00e9jare et mauresques dans la plus grande libert\u00e9. Pour Gaudi conception architecturale et\u00a0 d\u00e9cor int\u00e9rieur ne sont [&hellip;]","og_url":"https:\/\/www.cercledart.com\/en\/produit\/gaudi\/","og_site_name":"\u00c9ditions Cercle d&#039;Art","article_modified_time":"2025-05-02T11:52:08+00:00","og_image":[{"width":279,"height":400,"url":"https:\/\/www.cercledart.com\/wp-content\/uploads\/2012\/11\/497_gaudi.jpg","type":"image\/jpeg"}],"twitter_card":"summary_large_image","twitter_misc":{"Est. reading time":"1 minute"},"schema":{"@context":"https:\/\/schema.org","@graph":[{"@type":"WebPage","@id":"https:\/\/www.cercledart.com\/en\/produit\/gaudi\/","url":"https:\/\/www.cercledart.com\/en\/produit\/gaudi\/","name":"Gaudi - \u00c9ditions Cercle d&#039;Art","isPartOf":{"@id":"https:\/\/www.cercledart.com\/en\/#website"},"primaryImageOfPage":{"@id":"https:\/\/www.cercledart.com\/en\/produit\/gaudi\/#primaryimage"},"image":{"@id":"https:\/\/www.cercledart.com\/en\/produit\/gaudi\/#primaryimage"},"thumbnailUrl":"https:\/\/www.cercledart.com\/wp-content\/uploads\/2012\/11\/497_gaudi.jpg","datePublished":"2012-11-11T17:08:32+00:00","dateModified":"2025-05-02T11:52:08+00:00","breadcrumb":{"@id":"https:\/\/www.cercledart.com\/en\/produit\/gaudi\/#breadcrumb"},"inLanguage":"en-US","potentialAction":[{"@type":"ReadAction","target":["https:\/\/www.cercledart.com\/en\/produit\/gaudi\/"]}]},{"@type":"ImageObject","inLanguage":"en-US","@id":"https:\/\/www.cercledart.com\/en\/produit\/gaudi\/#primaryimage","url":"https:\/\/www.cercledart.com\/wp-content\/uploads\/2012\/11\/497_gaudi.jpg","contentUrl":"https:\/\/www.cercledart.com\/wp-content\/uploads\/2012\/11\/497_gaudi.jpg","width":279,"height":400},{"@type":"BreadcrumbList","@id":"https:\/\/www.cercledart.com\/en\/produit\/gaudi\/#breadcrumb","itemListElement":[{"@type":"ListItem","position":1,"name":"Accueil","item":"https:\/\/www.cercledart.com\/en\/"},{"@type":"ListItem","position":2,"name":"Shop","item":"https:\/\/www.cercledart.com\/en\/shop\/"},{"@type":"ListItem","position":3,"name":"Gaudi"}]},{"@type":"WebSite","@id":"https:\/\/www.cercledart.com\/en\/#website","url":"https:\/\/www.cercledart.com\/en\/","name":"\u00c9ditions Cercle d&#039;Art","description":"","publisher":{"@id":"https:\/\/www.cercledart.com\/en\/#organization"},"potentialAction":[{"@type":"SearchAction","target":{"@type":"EntryPoint","urlTemplate":"https:\/\/www.cercledart.com\/en\/?s={search_term_string}"},"query-input":{"@type":"PropertyValueSpecification","valueRequired":true,"valueName":"search_term_string"}}],"inLanguage":"en-US"},{"@type":"Organization","@id":"https:\/\/www.cercledart.com\/en\/#organization","name":"Cercle d'Art","url":"https:\/\/www.cercledart.com\/en\/","logo":{"@type":"ImageObject","inLanguage":"en-US","@id":"https:\/\/www.cercledart.com\/en\/#\/schema\/logo\/image\/","url":"https:\/\/www.cercledart.com\/wp-content\/uploads\/2025\/04\/LogoCA2025.png","contentUrl":"https:\/\/www.cercledart.com\/wp-content\/uploads\/2025\/04\/LogoCA2025.png","width":896,"height":101,"caption":"Cercle d'Art"},"image":{"@id":"https:\/\/www.cercledart.com\/en\/#\/schema\/logo\/image\/"}}]}},"_links":{"self":[{"href":"https:\/\/www.cercledart.com\/en\/wp-json\/wp\/v2\/product\/51316","targetHints":{"allow":["GET"]}}],"collection":[{"href":"https:\/\/www.cercledart.com\/en\/wp-json\/wp\/v2\/product"}],"about":[{"href":"https:\/\/www.cercledart.com\/en\/wp-json\/wp\/v2\/types\/product"}],"wp:featuredmedia":[{"embeddable":true,"href":"https:\/\/www.cercledart.com\/en\/wp-json\/wp\/v2\/media\/4733"}],"wp:attachment":[{"href":"https:\/\/www.cercledart.com\/en\/wp-json\/wp\/v2\/media?parent=51316"}],"wp:term":[{"taxonomy":"product_brand","embeddable":true,"href":"https:\/\/www.cercledart.com\/en\/wp-json\/wp\/v2\/product_brand?post=51316"},{"taxonomy":"product_cat","embeddable":true,"href":"https:\/\/www.cercledart.com\/en\/wp-json\/wp\/v2\/product_cat?post=51316"},{"taxonomy":"product_tag","embeddable":true,"href":"https:\/\/www.cercledart.com\/en\/wp-json\/wp\/v2\/product_tag?post=51316"}],"curies":[{"name":"wp","href":"https:\/\/api.w.org\/{rel}","templated":true}]}}