{"id":51282,"date":"2012-11-11T17:08:35","date_gmt":"2012-11-11T17:08:35","guid":{"rendered":"https:\/\/www.cercledart.com\/produit\/basquiat\/"},"modified":"2025-05-02T13:52:06","modified_gmt":"2025-05-02T11:52:06","slug":"basquiat","status":"publish","type":"product","link":"https:\/\/www.cercledart.com\/en\/produit\/basquiat\/","title":{"rendered":"Basquiat"},"content":{"rendered":"<p>D\u00e8s avant sa mort par overdose, \u00e0 l\u2019\u00e2ge de 27 ans, le 12 ao\u00fbt 1988, le personnage de Jean-Michel Basquiat \u00e9tait l\u00e9gendaire.<\/p>\n<p>Aujourd&#8217;hui, la l\u00e9gende de l\u2019artiste certes demeure, mais son \u0153uvre s\u2019en est largement affranchie et peut d\u00e8s lors \u00eatre envisag\u00e9e avec le recul n\u00e9cessaire dans le cadre cursif et pr\u00e9cis de la collection D\u00e9couvrons l\u2019art.<\/p>\n<p>Nul primitivisme dans ces tableaux dont les r\u00e9f\u00e9rences vont plut\u00f4t aux plus cultiv\u00e9s des peintres am\u00e9ricains admir\u00e9s par Basquiat, comme par exemple Cy Twombly. Pas davantage de lien avec la tradition afro-atlantique malgr\u00e9 certaines apparences.<\/p>\n<p>Le jeune noir rebelle et g\u00e9nial venu de Brooklyn a bel et bien invent\u00e9 un mode d\u2019expression plastique original qui lui a permis de produire quelques-unes des peintures essentielles du XXe si\u00e8cle.<\/p>\n<p>Depuis son enfance, Basquiat dessine sur tout support. Il visite des mus\u00e9es avec sa m\u00e8re et d\u00e9veloppe une sensibilit\u00e9 visuelle associ\u00e9e au monde de la mode et du dessin. Il \u00e9volue au milieu des impulsions puissantes de la soci\u00e9t\u00e9 de New York avec tous ses m\u00e9canismes de s\u00e9duction et il en fait le monde sensible de ses fantaisies. Mais en \u00e9voluant vers le domaine de la contre-culture, il envahit l\u2019espace du politiquement incorrect et c\u2019est dans cette dynamique de la transgression que son \u0153uvre grandit et atteint une dimension g\u00e9ante\u00a0: Basquiat \u00e9tait un g\u00e9ant autodidacte.<br \/>\nSon \u0153uvre \u00e9voque les flashes des lumi\u00e8res qui inondent la cit\u00e9, les mouvements compulsifs Go-Stop des feux de circulation et le moment de l\u2019ouverture des portes du m\u00e9tro de Manhattan apr\u00e8s les nuits blanches. L\u2019art de Basquiat est essentiellement urbain.<\/p>\n<p>Une profonde authenticit\u00e9 caract\u00e9rise son art. Il y avait chez lui un enfant en permanence rebelle et inquiet, ou peut-\u00eatre un d\u00e9sir profond de ne pas cesser de l\u2019\u00eatre\u00a0; peut-\u00eatre une volont\u00e9 d\u00e9fensive qui cherchait refuge aux origines primordiales, l\u00e0 o\u00f9 l\u2019homme, prot\u00e9g\u00e9 par son silence, revit sa propre histoire.<\/p>\n<p>Chez cet artiste du symbole et de la synth\u00e8se, les \u0153uvres ne commentent pas le social mais plut\u00f4t le contiennent de mani\u00e8re sous-jacente.<\/p>\n<p>Basquiat est avide de succ\u00e8s : dix ann\u00e9es lui ont suffi pour r\u00e9aliser plus de quarante expositions personnelles et cent collectives\u2026<\/p>\n","protected":false},"excerpt":{"rendered":"<p>D\u00e8s avant sa mort par overdose, \u00e0 l\u2019\u00e2ge de 27 ans, le 12 ao\u00fbt 1988, le personnage de Jean-Michel Basquiat \u00e9tait l\u00e9gendaire. Aujourd&#8217;hui, la l\u00e9gende de l\u2019artiste certes demeure, mais son \u0153uvre s\u2019en est largement affranchie et peut d\u00e8s lors \u00eatre envisag\u00e9e avec le recul n\u00e9cessaire dans le cadre cursif et pr\u00e9cis de la collection [&hellip;]<\/p>\n","protected":false},"featured_media":4769,"template":"","meta":{"_acf_changed":false,"om_disable_all_campaigns":false,"_exactmetrics_skip_tracking":false,"_exactmetrics_sitenote_active":false,"_exactmetrics_sitenote_note":"","_exactmetrics_sitenote_category":0,"_monsterinsights_skip_tracking":false,"_monsterinsights_sitenote_active":false,"_monsterinsights_sitenote_note":"","_monsterinsights_sitenote_category":0,"_uf_show_specific_survey":0,"_uf_disable_surveys":false},"product_brand":[],"product_cat":[528,546],"product_tag":[],"class_list":{"0":"post-51282","1":"product","2":"type-product","3":"status-publish","4":"has-post-thumbnail","6":"product_cat-livres","7":"product_cat-non-categorise","10":"first","11":"outofstock","12":"taxable","13":"shipping-taxable","14":"purchasable","15":"product-type-simple"},"acf":[],"yoast_head":"<!-- This site is optimized with the Yoast SEO plugin v27.5 - https:\/\/yoast.com\/product\/yoast-seo-wordpress\/ -->\n<title>Basquiat - \u00c9ditions Cercle d&#039;Art<\/title>\n<meta name=\"robots\" content=\"index, follow, max-snippet:-1, max-image-preview:large, max-video-preview:-1\" \/>\n<link rel=\"canonical\" href=\"https:\/\/www.cercledart.com\/en\/produit\/basquiat\/\" \/>\n<meta property=\"og:locale\" content=\"en_US\" \/>\n<meta property=\"og:type\" content=\"article\" \/>\n<meta property=\"og:title\" content=\"Basquiat - \u00c9ditions Cercle d&#039;Art\" \/>\n<meta property=\"og:description\" content=\"D\u00e8s avant sa mort par overdose, \u00e0 l\u2019\u00e2ge de 27 ans, le 12 ao\u00fbt 1988, le personnage de Jean-Michel Basquiat \u00e9tait l\u00e9gendaire. Aujourd&#8217;hui, la l\u00e9gende de l\u2019artiste certes demeure, mais son \u0153uvre s\u2019en est largement affranchie et peut d\u00e8s lors \u00eatre envisag\u00e9e avec le recul n\u00e9cessaire dans le cadre cursif et pr\u00e9cis de la collection [&hellip;]\" \/>\n<meta property=\"og:url\" content=\"https:\/\/www.cercledart.com\/en\/produit\/basquiat\/\" \/>\n<meta property=\"og:site_name\" content=\"\u00c9ditions Cercle d&#039;Art\" \/>\n<meta property=\"article:modified_time\" content=\"2025-05-02T11:52:06+00:00\" \/>\n<meta property=\"og:image\" content=\"https:\/\/www.cercledart.com\/wp-content\/uploads\/2012\/11\/553_basquiat.jpg\" \/>\n\t<meta property=\"og:image:width\" content=\"312\" \/>\n\t<meta property=\"og:image:height\" content=\"400\" \/>\n\t<meta property=\"og:image:type\" content=\"image\/jpeg\" \/>\n<meta name=\"twitter:card\" content=\"summary_large_image\" \/>\n<meta name=\"twitter:label1\" content=\"Est. reading time\" \/>\n\t<meta name=\"twitter:data1\" content=\"2 minutes\" \/>\n<script type=\"application\/ld+json\" class=\"yoast-schema-graph\">{\"@context\":\"https:\\\/\\\/schema.org\",\"@graph\":[{\"@type\":\"WebPage\",\"@id\":\"https:\\\/\\\/www.cercledart.com\\\/en\\\/produit\\\/basquiat\\\/\",\"url\":\"https:\\\/\\\/www.cercledart.com\\\/en\\\/produit\\\/basquiat\\\/\",\"name\":\"Basquiat - \u00c9ditions Cercle d&#039;Art\",\"isPartOf\":{\"@id\":\"https:\\\/\\\/www.cercledart.com\\\/en\\\/#website\"},\"primaryImageOfPage\":{\"@id\":\"https:\\\/\\\/www.cercledart.com\\\/en\\\/produit\\\/basquiat\\\/#primaryimage\"},\"image\":{\"@id\":\"https:\\\/\\\/www.cercledart.com\\\/en\\\/produit\\\/basquiat\\\/#primaryimage\"},\"thumbnailUrl\":\"https:\\\/\\\/www.cercledart.com\\\/wp-content\\\/uploads\\\/2012\\\/11\\\/553_basquiat.jpg\",\"datePublished\":\"2012-11-11T17:08:35+00:00\",\"dateModified\":\"2025-05-02T11:52:06+00:00\",\"breadcrumb\":{\"@id\":\"https:\\\/\\\/www.cercledart.com\\\/en\\\/produit\\\/basquiat\\\/#breadcrumb\"},\"inLanguage\":\"en-US\",\"potentialAction\":[{\"@type\":\"ReadAction\",\"target\":[\"https:\\\/\\\/www.cercledart.com\\\/en\\\/produit\\\/basquiat\\\/\"]}]},{\"@type\":\"ImageObject\",\"inLanguage\":\"en-US\",\"@id\":\"https:\\\/\\\/www.cercledart.com\\\/en\\\/produit\\\/basquiat\\\/#primaryimage\",\"url\":\"https:\\\/\\\/www.cercledart.com\\\/wp-content\\\/uploads\\\/2012\\\/11\\\/553_basquiat.jpg\",\"contentUrl\":\"https:\\\/\\\/www.cercledart.com\\\/wp-content\\\/uploads\\\/2012\\\/11\\\/553_basquiat.jpg\",\"width\":312,\"height\":400},{\"@type\":\"BreadcrumbList\",\"@id\":\"https:\\\/\\\/www.cercledart.com\\\/en\\\/produit\\\/basquiat\\\/#breadcrumb\",\"itemListElement\":[{\"@type\":\"ListItem\",\"position\":1,\"name\":\"Accueil\",\"item\":\"https:\\\/\\\/www.cercledart.com\\\/en\\\/\"},{\"@type\":\"ListItem\",\"position\":2,\"name\":\"Shop\",\"item\":\"https:\\\/\\\/www.cercledart.com\\\/en\\\/shop\\\/\"},{\"@type\":\"ListItem\",\"position\":3,\"name\":\"Basquiat\"}]},{\"@type\":\"WebSite\",\"@id\":\"https:\\\/\\\/www.cercledart.com\\\/en\\\/#website\",\"url\":\"https:\\\/\\\/www.cercledart.com\\\/en\\\/\",\"name\":\"\u00c9ditions Cercle d&#039;Art\",\"description\":\"\",\"publisher\":{\"@id\":\"https:\\\/\\\/www.cercledart.com\\\/en\\\/#organization\"},\"potentialAction\":[{\"@type\":\"SearchAction\",\"target\":{\"@type\":\"EntryPoint\",\"urlTemplate\":\"https:\\\/\\\/www.cercledart.com\\\/en\\\/?s={search_term_string}\"},\"query-input\":{\"@type\":\"PropertyValueSpecification\",\"valueRequired\":true,\"valueName\":\"search_term_string\"}}],\"inLanguage\":\"en-US\"},{\"@type\":\"Organization\",\"@id\":\"https:\\\/\\\/www.cercledart.com\\\/en\\\/#organization\",\"name\":\"Cercle d'Art\",\"url\":\"https:\\\/\\\/www.cercledart.com\\\/en\\\/\",\"logo\":{\"@type\":\"ImageObject\",\"inLanguage\":\"en-US\",\"@id\":\"https:\\\/\\\/www.cercledart.com\\\/en\\\/#\\\/schema\\\/logo\\\/image\\\/\",\"url\":\"https:\\\/\\\/www.cercledart.com\\\/wp-content\\\/uploads\\\/2025\\\/04\\\/LogoCA2025.png\",\"contentUrl\":\"https:\\\/\\\/www.cercledart.com\\\/wp-content\\\/uploads\\\/2025\\\/04\\\/LogoCA2025.png\",\"width\":896,\"height\":101,\"caption\":\"Cercle d'Art\"},\"image\":{\"@id\":\"https:\\\/\\\/www.cercledart.com\\\/en\\\/#\\\/schema\\\/logo\\\/image\\\/\"}}]}<\/script>\n<!-- \/ Yoast SEO plugin. -->","yoast_head_json":{"title":"Basquiat - \u00c9ditions Cercle d&#039;Art","robots":{"index":"index","follow":"follow","max-snippet":"max-snippet:-1","max-image-preview":"max-image-preview:large","max-video-preview":"max-video-preview:-1"},"canonical":"https:\/\/www.cercledart.com\/en\/produit\/basquiat\/","og_locale":"en_US","og_type":"article","og_title":"Basquiat - \u00c9ditions Cercle d&#039;Art","og_description":"D\u00e8s avant sa mort par overdose, \u00e0 l\u2019\u00e2ge de 27 ans, le 12 ao\u00fbt 1988, le personnage de Jean-Michel Basquiat \u00e9tait l\u00e9gendaire. Aujourd&#8217;hui, la l\u00e9gende de l\u2019artiste certes demeure, mais son \u0153uvre s\u2019en est largement affranchie et peut d\u00e8s lors \u00eatre envisag\u00e9e avec le recul n\u00e9cessaire dans le cadre cursif et pr\u00e9cis de la collection [&hellip;]","og_url":"https:\/\/www.cercledart.com\/en\/produit\/basquiat\/","og_site_name":"\u00c9ditions Cercle d&#039;Art","article_modified_time":"2025-05-02T11:52:06+00:00","og_image":[{"width":312,"height":400,"url":"https:\/\/www.cercledart.com\/wp-content\/uploads\/2012\/11\/553_basquiat.jpg","type":"image\/jpeg"}],"twitter_card":"summary_large_image","twitter_misc":{"Est. reading time":"2 minutes"},"schema":{"@context":"https:\/\/schema.org","@graph":[{"@type":"WebPage","@id":"https:\/\/www.cercledart.com\/en\/produit\/basquiat\/","url":"https:\/\/www.cercledart.com\/en\/produit\/basquiat\/","name":"Basquiat - \u00c9ditions Cercle d&#039;Art","isPartOf":{"@id":"https:\/\/www.cercledart.com\/en\/#website"},"primaryImageOfPage":{"@id":"https:\/\/www.cercledart.com\/en\/produit\/basquiat\/#primaryimage"},"image":{"@id":"https:\/\/www.cercledart.com\/en\/produit\/basquiat\/#primaryimage"},"thumbnailUrl":"https:\/\/www.cercledart.com\/wp-content\/uploads\/2012\/11\/553_basquiat.jpg","datePublished":"2012-11-11T17:08:35+00:00","dateModified":"2025-05-02T11:52:06+00:00","breadcrumb":{"@id":"https:\/\/www.cercledart.com\/en\/produit\/basquiat\/#breadcrumb"},"inLanguage":"en-US","potentialAction":[{"@type":"ReadAction","target":["https:\/\/www.cercledart.com\/en\/produit\/basquiat\/"]}]},{"@type":"ImageObject","inLanguage":"en-US","@id":"https:\/\/www.cercledart.com\/en\/produit\/basquiat\/#primaryimage","url":"https:\/\/www.cercledart.com\/wp-content\/uploads\/2012\/11\/553_basquiat.jpg","contentUrl":"https:\/\/www.cercledart.com\/wp-content\/uploads\/2012\/11\/553_basquiat.jpg","width":312,"height":400},{"@type":"BreadcrumbList","@id":"https:\/\/www.cercledart.com\/en\/produit\/basquiat\/#breadcrumb","itemListElement":[{"@type":"ListItem","position":1,"name":"Accueil","item":"https:\/\/www.cercledart.com\/en\/"},{"@type":"ListItem","position":2,"name":"Shop","item":"https:\/\/www.cercledart.com\/en\/shop\/"},{"@type":"ListItem","position":3,"name":"Basquiat"}]},{"@type":"WebSite","@id":"https:\/\/www.cercledart.com\/en\/#website","url":"https:\/\/www.cercledart.com\/en\/","name":"\u00c9ditions Cercle d&#039;Art","description":"","publisher":{"@id":"https:\/\/www.cercledart.com\/en\/#organization"},"potentialAction":[{"@type":"SearchAction","target":{"@type":"EntryPoint","urlTemplate":"https:\/\/www.cercledart.com\/en\/?s={search_term_string}"},"query-input":{"@type":"PropertyValueSpecification","valueRequired":true,"valueName":"search_term_string"}}],"inLanguage":"en-US"},{"@type":"Organization","@id":"https:\/\/www.cercledart.com\/en\/#organization","name":"Cercle d'Art","url":"https:\/\/www.cercledart.com\/en\/","logo":{"@type":"ImageObject","inLanguage":"en-US","@id":"https:\/\/www.cercledart.com\/en\/#\/schema\/logo\/image\/","url":"https:\/\/www.cercledart.com\/wp-content\/uploads\/2025\/04\/LogoCA2025.png","contentUrl":"https:\/\/www.cercledart.com\/wp-content\/uploads\/2025\/04\/LogoCA2025.png","width":896,"height":101,"caption":"Cercle d'Art"},"image":{"@id":"https:\/\/www.cercledart.com\/en\/#\/schema\/logo\/image\/"}}]}},"_links":{"self":[{"href":"https:\/\/www.cercledart.com\/en\/wp-json\/wp\/v2\/product\/51282","targetHints":{"allow":["GET"]}}],"collection":[{"href":"https:\/\/www.cercledart.com\/en\/wp-json\/wp\/v2\/product"}],"about":[{"href":"https:\/\/www.cercledart.com\/en\/wp-json\/wp\/v2\/types\/product"}],"wp:featuredmedia":[{"embeddable":true,"href":"https:\/\/www.cercledart.com\/en\/wp-json\/wp\/v2\/media\/4769"}],"wp:attachment":[{"href":"https:\/\/www.cercledart.com\/en\/wp-json\/wp\/v2\/media?parent=51282"}],"wp:term":[{"taxonomy":"product_brand","embeddable":true,"href":"https:\/\/www.cercledart.com\/en\/wp-json\/wp\/v2\/product_brand?post=51282"},{"taxonomy":"product_cat","embeddable":true,"href":"https:\/\/www.cercledart.com\/en\/wp-json\/wp\/v2\/product_cat?post=51282"},{"taxonomy":"product_tag","embeddable":true,"href":"https:\/\/www.cercledart.com\/en\/wp-json\/wp\/v2\/product_tag?post=51282"}],"curies":[{"name":"wp","href":"https:\/\/api.w.org\/{rel}","templated":true}]}}