{"id":51217,"date":"2012-11-11T17:08:42","date_gmt":"2012-11-11T17:08:42","guid":{"rendered":"https:\/\/www.cercledart.com\/produit\/lart-abstrait-et-la-galerie-denise-rene\/"},"modified":"2025-05-02T13:51:38","modified_gmt":"2025-05-02T11:51:38","slug":"lart-abstrait-et-la-galerie-denise-rene","status":"publish","type":"product","link":"https:\/\/www.cercledart.com\/en\/produit\/lart-abstrait-et-la-galerie-denise-rene\/","title":{"rendered":"L&#8217;art abstrait et la galerie Denise Ren\u00e9"},"content":{"rendered":"<p>Le concept d&#8217;art abstrait est r\u00e9cent mais, aussi loin que l&#8217;on remonte dans le temps des hommes, il y a toujours eu de l&#8217;art abstrait. C&#8217;est tout de m\u00eame dans l&#8217;art occidental du XX<sup>e<\/sup> si\u00e8cle qu&#8217;il a \u00e9t\u00e9 mis en pratique et en th\u00e9orie avec le plus d&#8217;ardeur, entra\u00eenent discussions\u00a0 et diatribes parmi les artistes et commentateurs.<\/p>\n<p><strong>L&#8217;ouvrage publie plus d&#8217;une centaine de citations des artistes constituant une belle anthologie de l&#8217;art abstrait.<\/strong><\/p>\n<p>\u00c0 la suite d&#8217;une premi\u00e8re vague de pionniers et fondateurs \u2014 Kandinsky, Kupka, Delaunay, Mondrian, Malevitch \u2014 l&#8217;abstraction s&#8217;est largement r\u00e9pandue apr\u00e8s la Premi\u00e8re Guerre mondiale avec plusieurs mouvements d&#8217;origines et d&#8217;intentions diverses\u00a0; ainsi du constructivisme en Russie, De Stijl aux Pays-Bas, du Bauhaus en Allemagne et de plusieurs associations internationales comme Abstraction Cr\u00e9ation \u00e0 Paris, sont pr\u00e9sent\u00e9s ici par leurs principaux acteurs.<\/p>\n<p><strong>Pr\u00e9sente dans toutes les manifestations artistiques internationales, la galerie Denise Ren\u00e9 a soutenu toutes les formes d&#8217;art construit, r\u00e9fl\u00e9chi, depuis les grands fondateurs qu&#8217;elle a parfois \u00e9t\u00e9 la premi\u00e8re \u00e0 montrer, jusqu&#8217;aux r\u00e9centes inventions de l&#8217;art optique et cin\u00e9tique<\/strong>\u00a0: de Kandinsky et Mondrian \u00e0 Vasarely et Soto, des Delaunay et Malevitch \u00e0 Tinguely et Mortensen, de Herbin et Arp \u00e0 Bury et l&#8217;Equipo 57\u2026 Mais nul doute que bien des figures retiendront l&#8217;attention\u00a0: Kupka qui \u00e9tait aussi un habile dessinateur, Marcel Duchamp et ses Rotoreliefs, la trop m\u00e9connue Marcelle Cahn, les membres du GRAV et leurs exp\u00e9riences \u00e9tonnantes ou s\u00e9duisantes, Tsa\u00ef et Frack et leurs sculptures sonores\u2026 Les outils s\u00e9culaires de l&#8217;artiste, la peinture \u00e0 l&#8217;huile ou pierre, rejoignent dor\u00e9navant le n\u00e9on, la cybern\u00e9tique et les cr\u00e9ations virtuelles et num\u00e9riques.<\/p>\n<p>&nbsp;<\/p>\n","protected":false},"excerpt":{"rendered":"<p>Le concept d&#8217;art abstrait est r\u00e9cent mais, aussi loin que l&#8217;on remonte dans le temps des hommes, il y a toujours eu de l&#8217;art abstrait. C&#8217;est tout de m\u00eame dans l&#8217;art occidental du XXe si\u00e8cle qu&#8217;il a \u00e9t\u00e9 mis en pratique et en th\u00e9orie avec le plus d&#8217;ardeur, entra\u00eenent discussions\u00a0 et diatribes parmi les artistes [&hellip;]<\/p>\n","protected":false},"featured_media":5051,"template":"","meta":{"_acf_changed":false,"om_disable_all_campaigns":false,"_exactmetrics_skip_tracking":false,"_monsterinsights_skip_tracking":false,"_uf_show_specific_survey":0,"_uf_disable_surveys":false},"product_brand":[],"product_cat":[528,546],"product_tag":[],"class_list":["post-51217","product","type-product","status-publish","has-post-thumbnail","product_cat-livres","product_cat-non-categorise","first","outofstock","taxable","shipping-taxable","purchasable","product-type-simple"],"acf":[],"yoast_head":"<!-- This site is optimized with the Yoast SEO plugin v28.4 - https:\/\/yoast.com\/product\/yoast-seo-wordpress\/ -->\n<title>L&#8217;art abstrait et la galerie Denise Ren\u00e9 - \u00c9ditions Cercle d&#039;Art<\/title>\n<meta name=\"robots\" content=\"index, follow, max-snippet:-1, max-image-preview:large, max-video-preview:-1\" \/>\n<link rel=\"canonical\" href=\"https:\/\/www.cercledart.com\/en\/produit\/lart-abstrait-et-la-galerie-denise-rene\/\" \/>\n<meta property=\"og:locale\" content=\"en_US\" \/>\n<meta property=\"og:type\" content=\"article\" \/>\n<meta property=\"og:title\" content=\"L&#8217;art abstrait et la galerie Denise Ren\u00e9 - \u00c9ditions Cercle d&#039;Art\" \/>\n<meta property=\"og:description\" content=\"Le concept d&#8217;art abstrait est r\u00e9cent mais, aussi loin que l&#8217;on remonte dans le temps des hommes, il y a toujours eu de l&#8217;art abstrait. C&#8217;est tout de m\u00eame dans l&#8217;art occidental du XXe si\u00e8cle qu&#8217;il a \u00e9t\u00e9 mis en pratique et en th\u00e9orie avec le plus d&#8217;ardeur, entra\u00eenent discussions\u00a0 et diatribes parmi les artistes [&hellip;]\" \/>\n<meta property=\"og:url\" content=\"https:\/\/www.cercledart.com\/en\/produit\/lart-abstrait-et-la-galerie-denise-rene\/\" \/>\n<meta property=\"og:site_name\" content=\"\u00c9ditions Cercle d&#039;Art\" \/>\n<meta property=\"article:modified_time\" content=\"2025-05-02T11:51:38+00:00\" \/>\n<meta property=\"og:image\" content=\"https:\/\/www.cercledart.com\/wp-content\/uploads\/2012\/11\/galerie_denise_rene.jpg\" \/>\n\t<meta property=\"og:image:width\" content=\"334\" \/>\n\t<meta property=\"og:image:height\" content=\"388\" \/>\n\t<meta property=\"og:image:type\" content=\"image\/jpeg\" \/>\n<meta name=\"twitter:card\" content=\"summary_large_image\" \/>\n<meta name=\"twitter:label1\" content=\"Est. reading time\" \/>\n\t<meta name=\"twitter:data1\" content=\"1 minute\" \/>\n<script type=\"application\/ld+json\" class=\"yoast-schema-graph\">{\"@context\":\"https:\\\/\\\/schema.org\",\"@graph\":[{\"@type\":\"WebPage\",\"@id\":\"https:\\\/\\\/www.cercledart.com\\\/en\\\/produit\\\/lart-abstrait-et-la-galerie-denise-rene\\\/\",\"url\":\"https:\\\/\\\/www.cercledart.com\\\/en\\\/produit\\\/lart-abstrait-et-la-galerie-denise-rene\\\/\",\"name\":\"L&#8217;art abstrait et la galerie Denise Ren\u00e9 - \u00c9ditions Cercle d&#039;Art\",\"isPartOf\":{\"@id\":\"https:\\\/\\\/www.cercledart.com\\\/en\\\/#website\"},\"primaryImageOfPage\":{\"@id\":\"https:\\\/\\\/www.cercledart.com\\\/en\\\/produit\\\/lart-abstrait-et-la-galerie-denise-rene\\\/#primaryimage\"},\"image\":{\"@id\":\"https:\\\/\\\/www.cercledart.com\\\/en\\\/produit\\\/lart-abstrait-et-la-galerie-denise-rene\\\/#primaryimage\"},\"thumbnailUrl\":\"https:\\\/\\\/www.cercledart.com\\\/wp-content\\\/uploads\\\/2012\\\/11\\\/galerie_denise_rene.jpg\",\"datePublished\":\"2012-11-11T17:08:42+00:00\",\"dateModified\":\"2025-05-02T11:51:38+00:00\",\"breadcrumb\":{\"@id\":\"https:\\\/\\\/www.cercledart.com\\\/en\\\/produit\\\/lart-abstrait-et-la-galerie-denise-rene\\\/#breadcrumb\"},\"inLanguage\":\"en-US\",\"potentialAction\":[{\"@type\":\"ReadAction\",\"target\":[\"https:\\\/\\\/www.cercledart.com\\\/en\\\/produit\\\/lart-abstrait-et-la-galerie-denise-rene\\\/\"]}]},{\"@type\":\"ImageObject\",\"inLanguage\":\"en-US\",\"@id\":\"https:\\\/\\\/www.cercledart.com\\\/en\\\/produit\\\/lart-abstrait-et-la-galerie-denise-rene\\\/#primaryimage\",\"url\":\"https:\\\/\\\/www.cercledart.com\\\/wp-content\\\/uploads\\\/2012\\\/11\\\/galerie_denise_rene.jpg\",\"contentUrl\":\"https:\\\/\\\/www.cercledart.com\\\/wp-content\\\/uploads\\\/2012\\\/11\\\/galerie_denise_rene.jpg\",\"width\":334,\"height\":388},{\"@type\":\"BreadcrumbList\",\"@id\":\"https:\\\/\\\/www.cercledart.com\\\/en\\\/produit\\\/lart-abstrait-et-la-galerie-denise-rene\\\/#breadcrumb\",\"itemListElement\":[{\"@type\":\"ListItem\",\"position\":1,\"name\":\"Accueil\",\"item\":\"https:\\\/\\\/www.cercledart.com\\\/en\\\/editions-cercle-dart\\\/\"},{\"@type\":\"ListItem\",\"position\":2,\"name\":\"Shop\",\"item\":\"https:\\\/\\\/www.cercledart.com\\\/en\\\/shop\\\/\"},{\"@type\":\"ListItem\",\"position\":3,\"name\":\"L&#8217;art abstrait et la galerie Denise Ren\u00e9\"}]},{\"@type\":\"WebSite\",\"@id\":\"https:\\\/\\\/www.cercledart.com\\\/en\\\/#website\",\"url\":\"https:\\\/\\\/www.cercledart.com\\\/en\\\/\",\"name\":\"\u00c9ditions Cercle d'Art\",\"description\":\"\",\"publisher\":{\"@id\":\"https:\\\/\\\/www.cercledart.com\\\/en\\\/#organization\"},\"potentialAction\":[{\"@type\":\"SearchAction\",\"target\":{\"@type\":\"EntryPoint\",\"urlTemplate\":\"https:\\\/\\\/www.cercledart.com\\\/en\\\/?s={search_term_string}\"},\"query-input\":{\"@type\":\"PropertyValueSpecification\",\"valueRequired\":true,\"valueName\":\"search_term_string\"}}],\"inLanguage\":\"en-US\"},{\"@type\":\"Organization\",\"@id\":\"https:\\\/\\\/www.cercledart.com\\\/en\\\/#organization\",\"name\":\"Cercle d'Art\",\"url\":\"https:\\\/\\\/www.cercledart.com\\\/en\\\/\",\"logo\":{\"@type\":\"ImageObject\",\"inLanguage\":\"en-US\",\"@id\":\"https:\\\/\\\/www.cercledart.com\\\/en\\\/#\\\/schema\\\/logo\\\/image\\\/\",\"url\":\"https:\\\/\\\/www.cercledart.com\\\/wp-content\\\/uploads\\\/2025\\\/04\\\/LogoCA2025.png\",\"contentUrl\":\"https:\\\/\\\/www.cercledart.com\\\/wp-content\\\/uploads\\\/2025\\\/04\\\/LogoCA2025.png\",\"width\":896,\"height\":101,\"caption\":\"Cercle d'Art\"},\"image\":{\"@id\":\"https:\\\/\\\/www.cercledart.com\\\/en\\\/#\\\/schema\\\/logo\\\/image\\\/\"},\"sameAs\":[\"https:\\\/\\\/fr.wikipedia.org\\\/wiki\\\/Cercle_d%27art\",\"https:\\\/\\\/www.wikidata.org\\\/wiki\\\/Q3236519\"]}]}<\/script>\n<!-- \/ Yoast SEO plugin. -->","yoast_head_json":{"title":"L&#8217;art abstrait et la galerie Denise Ren\u00e9 - \u00c9ditions Cercle d&#039;Art","robots":{"index":"index","follow":"follow","max-snippet":"max-snippet:-1","max-image-preview":"max-image-preview:large","max-video-preview":"max-video-preview:-1"},"canonical":"https:\/\/www.cercledart.com\/en\/produit\/lart-abstrait-et-la-galerie-denise-rene\/","og_locale":"en_US","og_type":"article","og_title":"L&#8217;art abstrait et la galerie Denise Ren\u00e9 - \u00c9ditions Cercle d&#039;Art","og_description":"Le concept d&#8217;art abstrait est r\u00e9cent mais, aussi loin que l&#8217;on remonte dans le temps des hommes, il y a toujours eu de l&#8217;art abstrait. C&#8217;est tout de m\u00eame dans l&#8217;art occidental du XXe si\u00e8cle qu&#8217;il a \u00e9t\u00e9 mis en pratique et en th\u00e9orie avec le plus d&#8217;ardeur, entra\u00eenent discussions\u00a0 et diatribes parmi les artistes [&hellip;]","og_url":"https:\/\/www.cercledart.com\/en\/produit\/lart-abstrait-et-la-galerie-denise-rene\/","og_site_name":"\u00c9ditions Cercle d&#039;Art","article_modified_time":"2025-05-02T11:51:38+00:00","og_image":[{"width":334,"height":388,"url":"https:\/\/www.cercledart.com\/wp-content\/uploads\/2012\/11\/galerie_denise_rene.jpg","type":"image\/jpeg"}],"twitter_card":"summary_large_image","twitter_misc":{"Est. reading time":"1 minute"},"schema":{"@context":"https:\/\/schema.org","@graph":[{"@type":"WebPage","@id":"https:\/\/www.cercledart.com\/en\/produit\/lart-abstrait-et-la-galerie-denise-rene\/","url":"https:\/\/www.cercledart.com\/en\/produit\/lart-abstrait-et-la-galerie-denise-rene\/","name":"L&#8217;art abstrait et la galerie Denise Ren\u00e9 - \u00c9ditions Cercle d&#039;Art","isPartOf":{"@id":"https:\/\/www.cercledart.com\/en\/#website"},"primaryImageOfPage":{"@id":"https:\/\/www.cercledart.com\/en\/produit\/lart-abstrait-et-la-galerie-denise-rene\/#primaryimage"},"image":{"@id":"https:\/\/www.cercledart.com\/en\/produit\/lart-abstrait-et-la-galerie-denise-rene\/#primaryimage"},"thumbnailUrl":"https:\/\/www.cercledart.com\/wp-content\/uploads\/2012\/11\/galerie_denise_rene.jpg","datePublished":"2012-11-11T17:08:42+00:00","dateModified":"2025-05-02T11:51:38+00:00","breadcrumb":{"@id":"https:\/\/www.cercledart.com\/en\/produit\/lart-abstrait-et-la-galerie-denise-rene\/#breadcrumb"},"inLanguage":"en-US","potentialAction":[{"@type":"ReadAction","target":["https:\/\/www.cercledart.com\/en\/produit\/lart-abstrait-et-la-galerie-denise-rene\/"]}]},{"@type":"ImageObject","inLanguage":"en-US","@id":"https:\/\/www.cercledart.com\/en\/produit\/lart-abstrait-et-la-galerie-denise-rene\/#primaryimage","url":"https:\/\/www.cercledart.com\/wp-content\/uploads\/2012\/11\/galerie_denise_rene.jpg","contentUrl":"https:\/\/www.cercledart.com\/wp-content\/uploads\/2012\/11\/galerie_denise_rene.jpg","width":334,"height":388},{"@type":"BreadcrumbList","@id":"https:\/\/www.cercledart.com\/en\/produit\/lart-abstrait-et-la-galerie-denise-rene\/#breadcrumb","itemListElement":[{"@type":"ListItem","position":1,"name":"Accueil","item":"https:\/\/www.cercledart.com\/en\/editions-cercle-dart\/"},{"@type":"ListItem","position":2,"name":"Shop","item":"https:\/\/www.cercledart.com\/en\/shop\/"},{"@type":"ListItem","position":3,"name":"L&#8217;art abstrait et la galerie Denise Ren\u00e9"}]},{"@type":"WebSite","@id":"https:\/\/www.cercledart.com\/en\/#website","url":"https:\/\/www.cercledart.com\/en\/","name":"\u00c9ditions Cercle d'Art","description":"","publisher":{"@id":"https:\/\/www.cercledart.com\/en\/#organization"},"potentialAction":[{"@type":"SearchAction","target":{"@type":"EntryPoint","urlTemplate":"https:\/\/www.cercledart.com\/en\/?s={search_term_string}"},"query-input":{"@type":"PropertyValueSpecification","valueRequired":true,"valueName":"search_term_string"}}],"inLanguage":"en-US"},{"@type":"Organization","@id":"https:\/\/www.cercledart.com\/en\/#organization","name":"Cercle d'Art","url":"https:\/\/www.cercledart.com\/en\/","logo":{"@type":"ImageObject","inLanguage":"en-US","@id":"https:\/\/www.cercledart.com\/en\/#\/schema\/logo\/image\/","url":"https:\/\/www.cercledart.com\/wp-content\/uploads\/2025\/04\/LogoCA2025.png","contentUrl":"https:\/\/www.cercledart.com\/wp-content\/uploads\/2025\/04\/LogoCA2025.png","width":896,"height":101,"caption":"Cercle d'Art"},"image":{"@id":"https:\/\/www.cercledart.com\/en\/#\/schema\/logo\/image\/"},"sameAs":["https:\/\/fr.wikipedia.org\/wiki\/Cercle_d%27art","https:\/\/www.wikidata.org\/wiki\/Q3236519"]}]}},"_links":{"self":[{"href":"https:\/\/www.cercledart.com\/en\/wp-json\/wp\/v2\/product\/51217","targetHints":{"allow":["GET"]}}],"collection":[{"href":"https:\/\/www.cercledart.com\/en\/wp-json\/wp\/v2\/product"}],"about":[{"href":"https:\/\/www.cercledart.com\/en\/wp-json\/wp\/v2\/types\/product"}],"wp:featuredmedia":[{"embeddable":true,"href":"https:\/\/www.cercledart.com\/en\/wp-json\/wp\/v2\/media\/5051"}],"wp:attachment":[{"href":"https:\/\/www.cercledart.com\/en\/wp-json\/wp\/v2\/media?parent=51217"}],"wp:term":[{"taxonomy":"product_brand","embeddable":true,"href":"https:\/\/www.cercledart.com\/en\/wp-json\/wp\/v2\/product_brand?post=51217"},{"taxonomy":"product_cat","embeddable":true,"href":"https:\/\/www.cercledart.com\/en\/wp-json\/wp\/v2\/product_cat?post=51217"},{"taxonomy":"product_tag","embeddable":true,"href":"https:\/\/www.cercledart.com\/en\/wp-json\/wp\/v2\/product_tag?post=51217"}],"curies":[{"name":"wp","href":"https:\/\/api.w.org\/{rel}","templated":true}]}}