{"id":51105,"date":"2012-11-11T17:08:55","date_gmt":"2012-11-11T17:08:55","guid":{"rendered":"https:\/\/www.cercledart.com\/produit\/juan-gris\/"},"modified":"2025-05-02T13:51:03","modified_gmt":"2025-05-02T11:51:03","slug":"juan-gris","status":"publish","type":"product","link":"https:\/\/www.cercledart.com\/en\/produit\/juan-gris\/","title":{"rendered":"Juan Gris"},"content":{"rendered":"<p><strong>Peintre, graveur et illustrateur, Juan Gris est n\u00e9 \u00e0 Madrid le 23 mars 1887.<\/strong><\/p>\n<p>Passant outre le souhait de son p\u00e8re de le voir se destiner au n\u00e9goce, Juan Gris entre \u00e0 <em>la Escuela de Artes y Manufacturas<\/em> de Madrid. Pendant ses \u00e9tudes de dessin industriel, entre 1902 et 1904, il commence une carri\u00e8re de dessinateur de presse, notamment pour le <em>Madrid Comico<\/em>\u00a0et le\u00a0 <em>Blanco y Negro<\/em>. Il a dix-neuf ans lorsque, attir\u00e9 par la renomm\u00e9e naissante de Picasso, il d\u00e9cide en 1906 de venir \u00e0 Paris et s&#8217;installe au Bateau-Lavoir o\u00f9 il restera jusqu&#8217;en 1922, devenant l&#8217;ami de Picasso, Braque, L\u00e9ger et Max Jacob. Il collabore comme dessinateur aux journaux satiriques\u00a0: <em>L&#8217;assiette au Beurre, Le Charivari<\/em>, et<em> Le Cri de Paris. <\/em><\/p>\n<p><strong>Gris a commenc\u00e9 sa carri\u00e8re de peintre en 1910, sous la double influence de C\u00e9zanne et du duo Braque-Picasso.<\/strong><\/p>\n<p>Ing\u00e9nieur de formation, il est avant tout un analyste rationnel qui cherche \u00e0 enrichir le langage cubiste de ses devanciers en mettant davantage en \u00e9vidence des lois de construction impos\u00e9es par une impeccable g\u00e9om\u00e9trie. Sa peinture a \u00e9t\u00e9 r\u00e9v\u00e9l\u00e9e \u00e0 l&#8217;exposition la Section d&#8217;or de 1912 et le marchand Daniel-Henry Kahnweiler s&#8217;empresse de lui faire signer un contrat d&#8217;exclusivit\u00e9 en f\u00e9vrier 1913. Ses premiers collectionneurs sont les Stein, L\u00e9once Rosenberg, le sculpteur Brenner.<\/p>\n<p>Tandis que les ann\u00e9es 1921-1923 , il fait preuve d&#8217;un lyrisme nouveau et d&#8217;un go\u00fbt pour la couleur encore plus prononc\u00e9 qu&#8217;auparavant, il imagine en 1922 les d\u00e9cors et costumes pour un ballet de Sergei Diaghilev donn\u00e9 dans la galerie des Glaces du ch\u00e2teau de Versailles.<\/p>\n<p><strong>Th\u00e9oricien de l&#8217;art et de la peinture, Juan Gris pr\u00e9sente en 1924 une importante conf\u00e9rence qu&#8217;il intitule \u00ab\u00a0Des possibilit\u00e9s de la peinture\u00a0\u00bb<\/strong>. Ce texte, qui traite de la nature de l&#8217;objet, de la composition, de la couleur, de l&#8217;architecture de la peinture, constitue une somme doctrinale sur les travaux d&#8217;un acteur majeur de l&#8217;art moderne.<\/p>\n<p>&nbsp;<\/p>\n","protected":false},"excerpt":{"rendered":"<p>Peintre, graveur et illustrateur, Juan Gris est n\u00e9 \u00e0 Madrid le 23 mars 1887. Passant outre le souhait de son p\u00e8re de le voir se destiner au n\u00e9goce, Juan Gris entre \u00e0 la Escuela de Artes y Manufacturas de Madrid. Pendant ses \u00e9tudes de dessin industriel, entre 1902 et 1904, il commence une carri\u00e8re de [&hellip;]<\/p>\n","protected":false},"featured_media":4635,"template":"","meta":{"_acf_changed":false,"om_disable_all_campaigns":false,"_exactmetrics_skip_tracking":false,"_exactmetrics_sitenote_active":false,"_exactmetrics_sitenote_note":"","_exactmetrics_sitenote_category":0,"_monsterinsights_skip_tracking":false,"_monsterinsights_sitenote_active":false,"_monsterinsights_sitenote_note":"","_monsterinsights_sitenote_category":0,"_uf_show_specific_survey":0,"_uf_disable_surveys":false},"product_brand":[],"product_cat":[528,546],"product_tag":[],"class_list":{"0":"post-51105","1":"product","2":"type-product","3":"status-publish","4":"has-post-thumbnail","6":"product_cat-livres","7":"product_cat-non-categorise","10":"first","11":"outofstock","12":"taxable","13":"shipping-taxable","14":"purchasable","15":"product-type-simple"},"acf":[],"yoast_head":"<!-- This site is optimized with the Yoast SEO plugin v27.5 - https:\/\/yoast.com\/product\/yoast-seo-wordpress\/ -->\n<title>Juan Gris - \u00c9ditions Cercle d&#039;Art<\/title>\n<meta name=\"robots\" content=\"index, follow, max-snippet:-1, max-image-preview:large, max-video-preview:-1\" \/>\n<link rel=\"canonical\" href=\"https:\/\/www.cercledart.com\/en\/produit\/juan-gris\/\" \/>\n<meta property=\"og:locale\" content=\"en_US\" \/>\n<meta property=\"og:type\" content=\"article\" \/>\n<meta property=\"og:title\" content=\"Juan Gris - \u00c9ditions Cercle d&#039;Art\" \/>\n<meta property=\"og:description\" content=\"Peintre, graveur et illustrateur, Juan Gris est n\u00e9 \u00e0 Madrid le 23 mars 1887. Passant outre le souhait de son p\u00e8re de le voir se destiner au n\u00e9goce, Juan Gris entre \u00e0 la Escuela de Artes y Manufacturas de Madrid. Pendant ses \u00e9tudes de dessin industriel, entre 1902 et 1904, il commence une carri\u00e8re de [&hellip;]\" \/>\n<meta property=\"og:url\" content=\"https:\/\/www.cercledart.com\/en\/produit\/juan-gris\/\" \/>\n<meta property=\"og:site_name\" content=\"\u00c9ditions Cercle d&#039;Art\" \/>\n<meta property=\"article:modified_time\" content=\"2025-05-02T11:51:03+00:00\" \/>\n<meta property=\"og:image\" content=\"https:\/\/www.cercledart.com\/wp-content\/uploads\/2012\/11\/298_juangris.jpg\" \/>\n\t<meta property=\"og:image:width\" content=\"200\" \/>\n\t<meta property=\"og:image:height\" content=\"255\" \/>\n\t<meta property=\"og:image:type\" content=\"image\/jpeg\" \/>\n<meta name=\"twitter:card\" content=\"summary_large_image\" \/>\n<meta name=\"twitter:label1\" content=\"Est. reading time\" \/>\n\t<meta name=\"twitter:data1\" content=\"2 minutes\" \/>\n<script type=\"application\/ld+json\" class=\"yoast-schema-graph\">{\"@context\":\"https:\\\/\\\/schema.org\",\"@graph\":[{\"@type\":\"WebPage\",\"@id\":\"https:\\\/\\\/www.cercledart.com\\\/en\\\/produit\\\/juan-gris\\\/\",\"url\":\"https:\\\/\\\/www.cercledart.com\\\/en\\\/produit\\\/juan-gris\\\/\",\"name\":\"Juan Gris - \u00c9ditions Cercle d&#039;Art\",\"isPartOf\":{\"@id\":\"https:\\\/\\\/www.cercledart.com\\\/en\\\/#website\"},\"primaryImageOfPage\":{\"@id\":\"https:\\\/\\\/www.cercledart.com\\\/en\\\/produit\\\/juan-gris\\\/#primaryimage\"},\"image\":{\"@id\":\"https:\\\/\\\/www.cercledart.com\\\/en\\\/produit\\\/juan-gris\\\/#primaryimage\"},\"thumbnailUrl\":\"https:\\\/\\\/www.cercledart.com\\\/wp-content\\\/uploads\\\/2012\\\/11\\\/298_juangris.jpg\",\"datePublished\":\"2012-11-11T17:08:55+00:00\",\"dateModified\":\"2025-05-02T11:51:03+00:00\",\"breadcrumb\":{\"@id\":\"https:\\\/\\\/www.cercledart.com\\\/en\\\/produit\\\/juan-gris\\\/#breadcrumb\"},\"inLanguage\":\"en-US\",\"potentialAction\":[{\"@type\":\"ReadAction\",\"target\":[\"https:\\\/\\\/www.cercledart.com\\\/en\\\/produit\\\/juan-gris\\\/\"]}]},{\"@type\":\"ImageObject\",\"inLanguage\":\"en-US\",\"@id\":\"https:\\\/\\\/www.cercledart.com\\\/en\\\/produit\\\/juan-gris\\\/#primaryimage\",\"url\":\"https:\\\/\\\/www.cercledart.com\\\/wp-content\\\/uploads\\\/2012\\\/11\\\/298_juangris.jpg\",\"contentUrl\":\"https:\\\/\\\/www.cercledart.com\\\/wp-content\\\/uploads\\\/2012\\\/11\\\/298_juangris.jpg\",\"width\":200,\"height\":255},{\"@type\":\"BreadcrumbList\",\"@id\":\"https:\\\/\\\/www.cercledart.com\\\/en\\\/produit\\\/juan-gris\\\/#breadcrumb\",\"itemListElement\":[{\"@type\":\"ListItem\",\"position\":1,\"name\":\"Accueil\",\"item\":\"https:\\\/\\\/www.cercledart.com\\\/en\\\/\"},{\"@type\":\"ListItem\",\"position\":2,\"name\":\"Shop\",\"item\":\"https:\\\/\\\/www.cercledart.com\\\/en\\\/shop\\\/\"},{\"@type\":\"ListItem\",\"position\":3,\"name\":\"Juan Gris\"}]},{\"@type\":\"WebSite\",\"@id\":\"https:\\\/\\\/www.cercledart.com\\\/en\\\/#website\",\"url\":\"https:\\\/\\\/www.cercledart.com\\\/en\\\/\",\"name\":\"\u00c9ditions Cercle d&#039;Art\",\"description\":\"\",\"publisher\":{\"@id\":\"https:\\\/\\\/www.cercledart.com\\\/en\\\/#organization\"},\"potentialAction\":[{\"@type\":\"SearchAction\",\"target\":{\"@type\":\"EntryPoint\",\"urlTemplate\":\"https:\\\/\\\/www.cercledart.com\\\/en\\\/?s={search_term_string}\"},\"query-input\":{\"@type\":\"PropertyValueSpecification\",\"valueRequired\":true,\"valueName\":\"search_term_string\"}}],\"inLanguage\":\"en-US\"},{\"@type\":\"Organization\",\"@id\":\"https:\\\/\\\/www.cercledart.com\\\/en\\\/#organization\",\"name\":\"Cercle d'Art\",\"url\":\"https:\\\/\\\/www.cercledart.com\\\/en\\\/\",\"logo\":{\"@type\":\"ImageObject\",\"inLanguage\":\"en-US\",\"@id\":\"https:\\\/\\\/www.cercledart.com\\\/en\\\/#\\\/schema\\\/logo\\\/image\\\/\",\"url\":\"https:\\\/\\\/www.cercledart.com\\\/wp-content\\\/uploads\\\/2025\\\/04\\\/LogoCA2025.png\",\"contentUrl\":\"https:\\\/\\\/www.cercledart.com\\\/wp-content\\\/uploads\\\/2025\\\/04\\\/LogoCA2025.png\",\"width\":896,\"height\":101,\"caption\":\"Cercle d'Art\"},\"image\":{\"@id\":\"https:\\\/\\\/www.cercledart.com\\\/en\\\/#\\\/schema\\\/logo\\\/image\\\/\"}}]}<\/script>\n<!-- \/ Yoast SEO plugin. -->","yoast_head_json":{"title":"Juan Gris - \u00c9ditions Cercle d&#039;Art","robots":{"index":"index","follow":"follow","max-snippet":"max-snippet:-1","max-image-preview":"max-image-preview:large","max-video-preview":"max-video-preview:-1"},"canonical":"https:\/\/www.cercledart.com\/en\/produit\/juan-gris\/","og_locale":"en_US","og_type":"article","og_title":"Juan Gris - \u00c9ditions Cercle d&#039;Art","og_description":"Peintre, graveur et illustrateur, Juan Gris est n\u00e9 \u00e0 Madrid le 23 mars 1887. Passant outre le souhait de son p\u00e8re de le voir se destiner au n\u00e9goce, Juan Gris entre \u00e0 la Escuela de Artes y Manufacturas de Madrid. Pendant ses \u00e9tudes de dessin industriel, entre 1902 et 1904, il commence une carri\u00e8re de [&hellip;]","og_url":"https:\/\/www.cercledart.com\/en\/produit\/juan-gris\/","og_site_name":"\u00c9ditions Cercle d&#039;Art","article_modified_time":"2025-05-02T11:51:03+00:00","og_image":[{"width":200,"height":255,"url":"https:\/\/www.cercledart.com\/wp-content\/uploads\/2012\/11\/298_juangris.jpg","type":"image\/jpeg"}],"twitter_card":"summary_large_image","twitter_misc":{"Est. reading time":"2 minutes"},"schema":{"@context":"https:\/\/schema.org","@graph":[{"@type":"WebPage","@id":"https:\/\/www.cercledart.com\/en\/produit\/juan-gris\/","url":"https:\/\/www.cercledart.com\/en\/produit\/juan-gris\/","name":"Juan Gris - \u00c9ditions Cercle d&#039;Art","isPartOf":{"@id":"https:\/\/www.cercledart.com\/en\/#website"},"primaryImageOfPage":{"@id":"https:\/\/www.cercledart.com\/en\/produit\/juan-gris\/#primaryimage"},"image":{"@id":"https:\/\/www.cercledart.com\/en\/produit\/juan-gris\/#primaryimage"},"thumbnailUrl":"https:\/\/www.cercledart.com\/wp-content\/uploads\/2012\/11\/298_juangris.jpg","datePublished":"2012-11-11T17:08:55+00:00","dateModified":"2025-05-02T11:51:03+00:00","breadcrumb":{"@id":"https:\/\/www.cercledart.com\/en\/produit\/juan-gris\/#breadcrumb"},"inLanguage":"en-US","potentialAction":[{"@type":"ReadAction","target":["https:\/\/www.cercledart.com\/en\/produit\/juan-gris\/"]}]},{"@type":"ImageObject","inLanguage":"en-US","@id":"https:\/\/www.cercledart.com\/en\/produit\/juan-gris\/#primaryimage","url":"https:\/\/www.cercledart.com\/wp-content\/uploads\/2012\/11\/298_juangris.jpg","contentUrl":"https:\/\/www.cercledart.com\/wp-content\/uploads\/2012\/11\/298_juangris.jpg","width":200,"height":255},{"@type":"BreadcrumbList","@id":"https:\/\/www.cercledart.com\/en\/produit\/juan-gris\/#breadcrumb","itemListElement":[{"@type":"ListItem","position":1,"name":"Accueil","item":"https:\/\/www.cercledart.com\/en\/"},{"@type":"ListItem","position":2,"name":"Shop","item":"https:\/\/www.cercledart.com\/en\/shop\/"},{"@type":"ListItem","position":3,"name":"Juan Gris"}]},{"@type":"WebSite","@id":"https:\/\/www.cercledart.com\/en\/#website","url":"https:\/\/www.cercledart.com\/en\/","name":"\u00c9ditions Cercle d&#039;Art","description":"","publisher":{"@id":"https:\/\/www.cercledart.com\/en\/#organization"},"potentialAction":[{"@type":"SearchAction","target":{"@type":"EntryPoint","urlTemplate":"https:\/\/www.cercledart.com\/en\/?s={search_term_string}"},"query-input":{"@type":"PropertyValueSpecification","valueRequired":true,"valueName":"search_term_string"}}],"inLanguage":"en-US"},{"@type":"Organization","@id":"https:\/\/www.cercledart.com\/en\/#organization","name":"Cercle d'Art","url":"https:\/\/www.cercledart.com\/en\/","logo":{"@type":"ImageObject","inLanguage":"en-US","@id":"https:\/\/www.cercledart.com\/en\/#\/schema\/logo\/image\/","url":"https:\/\/www.cercledart.com\/wp-content\/uploads\/2025\/04\/LogoCA2025.png","contentUrl":"https:\/\/www.cercledart.com\/wp-content\/uploads\/2025\/04\/LogoCA2025.png","width":896,"height":101,"caption":"Cercle d'Art"},"image":{"@id":"https:\/\/www.cercledart.com\/en\/#\/schema\/logo\/image\/"}}]}},"_links":{"self":[{"href":"https:\/\/www.cercledart.com\/en\/wp-json\/wp\/v2\/product\/51105","targetHints":{"allow":["GET"]}}],"collection":[{"href":"https:\/\/www.cercledart.com\/en\/wp-json\/wp\/v2\/product"}],"about":[{"href":"https:\/\/www.cercledart.com\/en\/wp-json\/wp\/v2\/types\/product"}],"wp:featuredmedia":[{"embeddable":true,"href":"https:\/\/www.cercledart.com\/en\/wp-json\/wp\/v2\/media\/4635"}],"wp:attachment":[{"href":"https:\/\/www.cercledart.com\/en\/wp-json\/wp\/v2\/media?parent=51105"}],"wp:term":[{"taxonomy":"product_brand","embeddable":true,"href":"https:\/\/www.cercledart.com\/en\/wp-json\/wp\/v2\/product_brand?post=51105"},{"taxonomy":"product_cat","embeddable":true,"href":"https:\/\/www.cercledart.com\/en\/wp-json\/wp\/v2\/product_cat?post=51105"},{"taxonomy":"product_tag","embeddable":true,"href":"https:\/\/www.cercledart.com\/en\/wp-json\/wp\/v2\/product_tag?post=51105"}],"curies":[{"name":"wp","href":"https:\/\/api.w.org\/{rel}","templated":true}]}}